{"id":3057,"date":"2021-07-09T18:04:50","date_gmt":"2021-07-09T16:04:50","guid":{"rendered":"https:\/\/www.campingparkelsaler.com\/web\/?page_id=3057"},"modified":"2022-05-04T20:34:00","modified_gmt":"2022-05-04T18:34:00","slug":"zonas-comunes","status":"publish","type":"page","link":"https:\/\/www.campingparkelsaler.com\/web\/zonas-comunes\/","title":{"rendered":"Zonas comunes"},"content":{"rendered":"<p>[et_pb_section fb_built=&#8221;1&#8243; admin_label=&#8221;Header&#8221; _builder_version=&#8221;4.9.4&#8243; use_background_color_gradient=&#8221;on&#8221; background_color_gradient_start=&#8221;rgba(0,0,0,0.66)&#8221; background_color_gradient_end=&#8221;rgba(0,0,0,0.67)&#8221; background_color_gradient_type=&#8221;radial&#8221; background_color_gradient_direction_radial=&#8221;top left&#8221; background_color_gradient_start_position=&#8221;30%&#8221; background_color_gradient_end_position=&#8221;80%&#8221; background_color_gradient_overlays_image=&#8221;on&#8221; background_image=&#8221;https:\/\/www.campingparkelsaler.com\/web\/wp-content\/uploads\/2021\/04\/JAS5345-copia.jpg&#8221; custom_margin=&#8221;|||&#8221; custom_padding=&#8221;8vw||8vw||true&#8221;][et_pb_row _builder_version=&#8221;3.25&#8243;][et_pb_column type=&#8221;4_4&#8243; _builder_version=&#8221;3.25&#8243; custom_padding=&#8221;|||&#8221; custom_padding__hover=&#8221;|||&#8221;][et_pb_text _builder_version=&#8221;4.9.4&#8243; text_font=&#8221;||||||||&#8221; header_font=&#8221;Raleway|700|||||||&#8221; header_text_color=&#8221;#FFFFFF&#8221; header_font_size=&#8221;80px&#8221; header_line_height=&#8221;1.2em&#8221; header_5_font=&#8221;Raleway|700||on|||||&#8221; header_5_text_color=&#8221;#000000&#8243; header_5_font_size=&#8221;20px&#8221; header_5_letter_spacing=&#8221;0.5em&#8221; header_5_line_height=&#8221;1.8em&#8221; animation_style=&#8221;zoom&#8221; animation_intensity_zoom=&#8221;5%&#8221; header_font_size_tablet=&#8221;48px&#8221; header_font_size_phone=&#8221;32px&#8221; header_font_size_last_edited=&#8221;on|phone&#8221; header_5_font_size_tablet=&#8221;14px&#8221; header_5_font_size_phone=&#8221;12px&#8221; header_5_font_size_last_edited=&#8221;on|desktop&#8221;]<\/p>\n<h5><\/h5>\n<h1>Zonas comunes<\/h1>\n<h1>y servicios<\/h1>\n<p>[\/et_pb_text][\/et_pb_column][\/et_pb_row][\/et_pb_section][et_pb_section fb_built=&#8221;1&#8243; admin_label=&#8221;About&#8221; _builder_version=&#8221;4.9.4&#8243; custom_margin_tablet=&#8221;&#8221; custom_margin_phone=&#8221;||-106px||false|false&#8221; custom_margin_last_edited=&#8221;on|phone&#8221;][et_pb_row custom_padding_last_edited=&#8221;on|desktop&#8221; _builder_version=&#8221;3.25&#8243; custom_padding=&#8221;27px|100px|27px|100px|false|false&#8221; custom_padding_tablet=&#8221;|0px||0px||true&#8221; custom_padding_phone=&#8221;&#8221;][et_pb_column type=&#8221;4_4&#8243; _builder_version=&#8221;3.25&#8243; custom_padding=&#8221;|||&#8221; custom_padding__hover=&#8221;|||&#8221;][et_pb_text _builder_version=&#8221;4.9.4&#8243; text_font=&#8221;||||||||&#8221; text_font_size=&#8221;16px&#8221; text_line_height=&#8221;2em&#8221; header_font=&#8221;||||||||&#8221; header_2_font=&#8221;Raleway|700|||||||&#8221; header_2_font_size=&#8221;50px&#8221; header_2_line_height=&#8221;1.2em&#8221; header_6_font=&#8221;Raleway|700||on|||||&#8221; header_6_font_size=&#8221;16px&#8221; header_6_letter_spacing=&#8221;5px&#8221; header_6_line_height=&#8221;1.8em&#8221; text_orientation=&#8221;center&#8221; max_width=&#8221;700px&#8221; max_width_last_edited=&#8221;off|desktop&#8221; module_alignment=&#8221;center&#8221; header_2_font_size_tablet=&#8221;35px&#8221; header_2_font_size_phone=&#8221;25px&#8221; header_2_font_size_last_edited=&#8221;on|phone&#8221;]<\/p>\n<h2>Disfruta de tu estancia<\/h2>\n<p>Desde Camping Park queremos que te sientas lo m\u00e1s c\u00f3modo posible y que disfrutes al m\u00e1ximo de tus vacaciones.<\/p>\n<p>[\/et_pb_text][\/et_pb_column][\/et_pb_row][\/et_pb_section][et_pb_section fb_built=&#8221;1&#8243; specialty=&#8221;on&#8221; admin_label=&#8221;Room&#8221; _builder_version=&#8221;3.22&#8243;][et_pb_column type=&#8221;1_2&#8243; specialty_columns=&#8221;2&#8243; _builder_version=&#8221;3.25&#8243; custom_padding=&#8221;|||&#8221; custom_padding__hover=&#8221;|||&#8221;][et_pb_row_inner _builder_version=&#8221;3.25&#8243;][et_pb_column_inner saved_specialty_column_type=&#8221;1_2&#8243; _builder_version=&#8221;3.25&#8243; custom_padding=&#8221;|||&#8221; custom_padding__hover=&#8221;|||&#8221;][et_pb_image src=&#8221;https:\/\/www.campingparkelsaler.com\/web\/wp-content\/uploads\/2021\/06\/Captura-de-pantalla-2021-06-20-a-las-14.56.47.png&#8221; title_text=&#8221;piscina-camping&#8221; align_tablet=&#8221;center&#8221; align_phone=&#8221;&#8221; align_last_edited=&#8221;on|desktop&#8221; _builder_version=&#8221;4.9.4&#8243; locked=&#8221;off&#8221;][\/et_pb_image][\/et_pb_column_inner][\/et_pb_row_inner][\/et_pb_column][et_pb_column type=&#8221;1_2&#8243; _builder_version=&#8221;3.25&#8243; custom_padding=&#8221;|||&#8221; custom_padding__hover=&#8221;|||&#8221;][et_pb_text _builder_version=&#8221;4.9.4&#8243; text_font=&#8221;||||||||&#8221; text_font_size=&#8221;16px&#8221; text_line_height=&#8221;2em&#8221; ul_font=&#8221;||||||||&#8221; ul_line_height=&#8221;2em&#8221; header_font=&#8221;||||||||&#8221; header_3_font=&#8221;Raleway|700|||||||&#8221; header_3_font_size=&#8221;40px&#8221; header_3_line_height=&#8221;1.4em&#8221; header_6_line_height=&#8221;1.8em&#8221; header_3_font_size_tablet=&#8221;35px&#8221; header_3_font_size_phone=&#8221;25px&#8221; header_3_font_size_last_edited=&#8221;on|phone&#8221; locked=&#8221;off&#8221;]<\/p>\n<h3>Piscina<\/h3>\n<p>&nbsp;<\/p>\n<p>En verano se puede disfrutar de nuestra piscina preparada para adultos y ni\u00f1os, con zonas libres para tomar el sol.<\/p>\n<p>[\/et_pb_text][\/et_pb_column][\/et_pb_section][et_pb_section fb_built=&#8221;1&#8243; specialty=&#8221;on&#8221; admin_label=&#8221;Room&#8221; _builder_version=&#8221;3.22&#8243;][et_pb_column type=&#8221;1_2&#8243; _builder_version=&#8221;3.25&#8243; custom_padding=&#8221;|||&#8221; custom_padding__hover=&#8221;|||&#8221;][et_pb_image src=&#8221;https:\/\/www.campingparkelsaler.com\/web\/wp-content\/uploads\/2021\/04\/JAS5345-copia.jpg&#8221; title_text=&#8221;camping-park-parque-infantil&#8221; align_tablet=&#8221;center&#8221; align_phone=&#8221;&#8221; align_last_edited=&#8221;on|desktop&#8221; disabled_on=&#8221;off|on|on&#8221; _builder_version=&#8221;4.9.4&#8243; locked=&#8221;off&#8221;][\/et_pb_image][et_pb_text _builder_version=&#8221;4.9.4&#8243; text_font=&#8221;||||||||&#8221; text_font_size=&#8221;16px&#8221; text_line_height=&#8221;2em&#8221; ul_font=&#8221;||||||||&#8221; ul_line_height=&#8221;2em&#8221; header_font=&#8221;||||||||&#8221; header_3_font=&#8221;Raleway|700|||||||&#8221; header_3_font_size=&#8221;40px&#8221; header_3_line_height=&#8221;1.4em&#8221; header_6_line_height=&#8221;1.8em&#8221; header_3_font_size_tablet=&#8221;35px&#8221; header_3_font_size_phone=&#8221;25px&#8221; header_3_font_size_last_edited=&#8221;on|phone&#8221; locked=&#8221;off&#8221;]<\/p>\n<h3>Parque infantil<\/h3>\n<p>&nbsp;<\/p>\n<p>Sabemos que los ni\u00f1os tambi\u00e9n necesitan sus zonas de juego, por ello en camping park tenemos un parque para que puedan disfrutar.<\/p>\n<p>[\/et_pb_text][\/et_pb_column][et_pb_column type=&#8221;1_2&#8243; specialty_columns=&#8221;2&#8243; _builder_version=&#8221;3.25&#8243; custom_padding=&#8221;|||&#8221; custom_padding__hover=&#8221;|||&#8221;][et_pb_row_inner _builder_version=&#8221;3.25&#8243;][et_pb_column_inner saved_specialty_column_type=&#8221;1_2&#8243; _builder_version=&#8221;3.25&#8243; custom_padding=&#8221;|||&#8221; custom_padding__hover=&#8221;|||&#8221;][et_pb_image src=&#8221;https:\/\/www.campingparkelsaler.com\/web\/wp-content\/uploads\/2021\/04\/JAS5345-copia.jpg&#8221; title_text=&#8221;camping-park-parque-infantil&#8221; align_tablet=&#8221;center&#8221; align_phone=&#8221;&#8221; align_last_edited=&#8221;on|desktop&#8221; disabled_on=&#8221;on|off|off&#8221; _builder_version=&#8221;4.9.4&#8243; locked=&#8221;off&#8221;][\/et_pb_image][et_pb_image src=&#8221;https:\/\/www.campingparkelsaler.com\/web\/wp-content\/uploads\/2021\/06\/Captura-de-pantalla-2021-06-20-a-las-15.05.05.png&#8221; title_text=&#8221;Bar-Restaurante-camping-park&#8221; align_tablet=&#8221;center&#8221; align_phone=&#8221;&#8221; align_last_edited=&#8221;on|desktop&#8221; disabled_on=&#8221;off|on|on&#8221; _builder_version=&#8221;4.9.4&#8243; custom_margin=&#8221;||-139px||false|false&#8221; locked=&#8221;off&#8221;][\/et_pb_image][\/et_pb_column_inner][\/et_pb_row_inner][\/et_pb_column][\/et_pb_section][et_pb_section fb_built=&#8221;1&#8243; specialty=&#8221;on&#8221; admin_label=&#8221;Room&#8221; _builder_version=&#8221;3.22&#8243;][et_pb_column type=&#8221;1_2&#8243; specialty_columns=&#8221;2&#8243; _builder_version=&#8221;3.25&#8243; custom_padding=&#8221;|||&#8221; custom_padding__hover=&#8221;|||&#8221;][et_pb_row_inner disabled_on=&#8221;on|off|off&#8221; _builder_version=&#8221;4.9.4&#8243;][et_pb_column_inner saved_specialty_column_type=&#8221;1_2&#8243; _builder_version=&#8221;3.25&#8243; custom_padding=&#8221;|||&#8221; custom_padding__hover=&#8221;|||&#8221;][et_pb_image src=&#8221;https:\/\/www.campingparkelsaler.com\/web\/wp-content\/uploads\/2021\/06\/Captura-de-pantalla-2021-06-20-a-las-15.05.05.png&#8221; title_text=&#8221;Bar-Restaurante-camping-park&#8221; align_tablet=&#8221;center&#8221; align_phone=&#8221;&#8221; align_last_edited=&#8221;on|desktop&#8221; _builder_version=&#8221;4.9.4&#8243; locked=&#8221;off&#8221;][\/et_pb_image][\/et_pb_column_inner][\/et_pb_row_inner][et_pb_row_inner column_structure=&#8221;1_2,1_2&#8243; use_custom_gutter=&#8221;on&#8221; gutter_width=&#8221;2&#8243; disabled_on=&#8221;on|off|off&#8221; _builder_version=&#8221;4.9.4&#8243; custom_padding=&#8221;0|0px|29.6875px|0px|false|false&#8221;][et_pb_column_inner type=&#8221;1_2&#8243; saved_specialty_column_type=&#8221;1_2&#8243; _builder_version=&#8221;3.25&#8243; custom_padding=&#8221;|||&#8221; custom_padding__hover=&#8221;|||&#8221;][et_pb_image src=&#8221;https:\/\/www.campingparkelsaler.com\/web\/wp-content\/uploads\/2021\/06\/Captura-de-pantalla-2021-06-20-a-las-15.05.16.png&#8221; title_text=&#8221;Captura de pantalla 2021-06-20 a las 15.05.16&#8243; show_in_lightbox=&#8221;on&#8221; use_overlay=&#8221;on&#8221; overlay_icon_color=&#8221;#b2b9c4&#8243; align_tablet=&#8221;center&#8221; align_phone=&#8221;&#8221; align_last_edited=&#8221;on|desktop&#8221; _builder_version=&#8221;4.9.4&#8243; width=&#8221;98.5%&#8221; min_height=&#8221;274.5px&#8221; custom_padding=&#8221;|1px||||&#8221; locked=&#8221;off&#8221;][\/et_pb_image][\/et_pb_column_inner][et_pb_column_inner type=&#8221;1_2&#8243; saved_specialty_column_type=&#8221;1_2&#8243; _builder_version=&#8221;3.25&#8243; custom_padding=&#8221;|||&#8221; custom_padding__hover=&#8221;|||&#8221;][et_pb_image src=&#8221;https:\/\/www.campingparkelsaler.com\/web\/wp-content\/uploads\/2021\/06\/Captura-de-pantalla-2021-06-20-a-las-15.05.55.png&#8221; title_text=&#8221;Captura de pantalla 2021-06-20 a las 15.05.55&#8243; show_in_lightbox=&#8221;on&#8221; use_overlay=&#8221;on&#8221; overlay_icon_color=&#8221;#b2b9c4&#8243; align_tablet=&#8221;center&#8221; align_phone=&#8221;&#8221; align_last_edited=&#8221;on|desktop&#8221; _builder_version=&#8221;4.9.4&#8243; locked=&#8221;off&#8221;][\/et_pb_image][\/et_pb_column_inner][\/et_pb_row_inner][\/et_pb_column][et_pb_column type=&#8221;1_2&#8243; _builder_version=&#8221;3.25&#8243; custom_padding=&#8221;|||&#8221; custom_padding__hover=&#8221;|||&#8221;][et_pb_text _builder_version=&#8221;4.9.4&#8243; text_font=&#8221;||||||||&#8221; text_font_size=&#8221;16px&#8221; text_line_height=&#8221;2em&#8221; ul_font=&#8221;||||||||&#8221; ul_line_height=&#8221;2em&#8221; header_font=&#8221;||||||||&#8221; header_3_font=&#8221;Raleway|700|||||||&#8221; header_3_font_size=&#8221;40px&#8221; header_3_line_height=&#8221;1.4em&#8221; header_6_line_height=&#8221;1.8em&#8221; header_3_font_size_tablet=&#8221;35px&#8221; header_3_font_size_phone=&#8221;25px&#8221; header_3_font_size_last_edited=&#8221;on|phone&#8221; locked=&#8221;off&#8221;]<\/p>\n<h3>Bar &#8211; Restaurante<\/h3>\n<p>Nuestro restaurante dispone de una terraza amplia y un sal\u00f3n. Servimos desayunos, almuerzos\u00a0 y comidas.<\/p>\n<p><strong>HORARIO:<\/strong><\/p>\n<p><strong>Lunes:<\/strong>\u00a0 8:30 &#8211; 16:30<\/p>\n<p><strong>Martes:<\/strong>\u00a0 8:30 &#8211; 16:30<\/p>\n<p><strong>Mi\u00e9rcoles:<\/strong>\u00a0 8:30 &#8211; 16:30<\/p>\n<p><strong>Jueves:<\/strong>\u00a0 8:30 &#8211; 16:30<\/p>\n<p><strong>Viernes:<\/strong>\u00a0 8:30 &#8211; 16:30<\/p>\n<p><strong>Domingo:<\/strong>\u00a0 8:30 &#8211; 16:30<\/p>\n<p>[\/et_pb_text][\/et_pb_column][\/et_pb_section][et_pb_section fb_built=&#8221;1&#8243; specialty=&#8221;on&#8221; disabled_on=&#8221;on|on|on&#8221; admin_label=&#8221;Room&#8221; _builder_version=&#8221;4.9.4&#8243; disabled=&#8221;on&#8221;][et_pb_column type=&#8221;1_2&#8243; _builder_version=&#8221;3.25&#8243; custom_padding=&#8221;|||&#8221; custom_padding__hover=&#8221;|||&#8221;][et_pb_image src=&#8221;https:\/\/www.campingparkelsaler.com\/web\/wp-content\/uploads\/2021\/06\/chill-out-1.jpeg&#8221; title_text=&#8221;chill-out-1&#8243; disabled_on=&#8221;off|on|on&#8221; _builder_version=&#8221;4.9.4&#8243; _module_preset=&#8221;default&#8221; custom_margin=&#8221;|-12px||||&#8221;][\/et_pb_image][et_pb_text _builder_version=&#8221;4.9.4&#8243; text_font=&#8221;||||||||&#8221; text_font_size=&#8221;16px&#8221; text_line_height=&#8221;2em&#8221; ul_font=&#8221;||||||||&#8221; ul_line_height=&#8221;2em&#8221; header_font=&#8221;||||||||&#8221; header_3_font=&#8221;Raleway|700|||||||&#8221; header_3_font_size=&#8221;40px&#8221; header_3_line_height=&#8221;1.4em&#8221; header_6_line_height=&#8221;1.8em&#8221; custom_padding=&#8221;||0px|||&#8221; header_3_font_size_tablet=&#8221;35px&#8221; header_3_font_size_phone=&#8221;25px&#8221; header_3_font_size_last_edited=&#8221;on|phone&#8221; locked=&#8221;off&#8221;]<\/p>\n<h3>Chill Out<\/h3>\n<p>&nbsp;<\/p>\n<p>Zona chill out donde podr\u00e1s disfrutar de bebibas, cocktails, helados, cenas informales y billar.<\/p>\n<p><strong>HORARIO:<\/strong><\/p>\n<p><strong>Martes &#8211; Viernes : <\/strong>16:00 &#8211; 2:00<\/p>\n<p><strong>S\u00e1bado:\u00a0<\/strong>8:30 &#8211; 2:00<\/p>\n<p><strong>Domingo: <\/strong>16:00 &#8211; 2:00<\/p>\n<p>[\/et_pb_text][et_pb_button button_url=&#8221;https:\/\/www.campingparkelsaler.com\/web\/carta-les-mallades-chill-out\/&#8221; url_new_window=&#8221;on&#8221; button_text=&#8221;DESCUBRE LA CARTA&#8221; button_alignment=&#8221;left&#8221; _builder_version=&#8221;4.9.4&#8243; _module_preset=&#8221;default&#8221; custom_button=&#8221;on&#8221; button_text_size=&#8221;18px&#8221; button_text_color=&#8221;#FFFFFF&#8221; button_bg_color=&#8221;#A1D323&#8243; custom_margin=&#8221;||10px|||&#8221;][\/et_pb_button][et_pb_button button_url=&#8221;https:\/\/www.campingparkelsaler.com\/web\/wp-content\/uploads\/2021\/06\/CARTA_compressed.pdf&#8221; url_new_window=&#8221;on&#8221; button_text=&#8221;DESC\u00c1RGALA&#8221; button_alignment=&#8221;left&#8221; _builder_version=&#8221;4.9.4&#8243; _module_preset=&#8221;default&#8221; custom_button=&#8221;on&#8221; button_text_size=&#8221;18px&#8221; button_text_color=&#8221;#FFFFFF&#8221; button_bg_color=&#8221;#A1D323&#8243; custom_margin=&#8221;2px|||||&#8221;][\/et_pb_button][\/et_pb_column][et_pb_column type=&#8221;1_2&#8243; specialty_columns=&#8221;2&#8243; _builder_version=&#8221;3.25&#8243; custom_padding=&#8221;|||&#8221; custom_padding__hover=&#8221;|||&#8221;][et_pb_row_inner disabled_on=&#8221;on|off|off&#8221; _builder_version=&#8221;4.9.4&#8243; custom_padding=&#8221;||12px|||&#8221;][et_pb_column_inner saved_specialty_column_type=&#8221;1_2&#8243; _builder_version=&#8221;3.25&#8243; custom_padding=&#8221;|||&#8221; custom_padding__hover=&#8221;|||&#8221;][et_pb_image src=&#8221;https:\/\/www.campingparkelsaler.com\/web\/wp-content\/uploads\/2021\/06\/chill-out.jpeg&#8221; title_text=&#8221;chill out&#8221; align_tablet=&#8221;center&#8221; align_phone=&#8221;&#8221; align_last_edited=&#8221;on|desktop&#8221; _builder_version=&#8221;4.9.4&#8243; locked=&#8221;off&#8221;][\/et_pb_image][\/et_pb_column_inner][\/et_pb_row_inner][et_pb_row_inner column_structure=&#8221;1_2,1_2&#8243; disabled_on=&#8221;on|off|off&#8221; _builder_version=&#8221;4.9.4&#8243; _module_preset=&#8221;default&#8221; custom_padding=&#8221;3px|||||&#8221;][et_pb_column_inner type=&#8221;1_2&#8243; saved_specialty_column_type=&#8221;1_2&#8243; _builder_version=&#8221;4.9.4&#8243; _module_preset=&#8221;default&#8221;][et_pb_image src=&#8221;https:\/\/www.campingparkelsaler.com\/web\/wp-content\/uploads\/2021\/06\/chill-out-1.jpeg&#8221; title_text=&#8221;chill-out-1&#8243; _builder_version=&#8221;4.9.4&#8243; _module_preset=&#8221;default&#8221; custom_margin=&#8221;|-12px||||&#8221;][\/et_pb_image][\/et_pb_column_inner][et_pb_column_inner type=&#8221;1_2&#8243; saved_specialty_column_type=&#8221;1_2&#8243; _builder_version=&#8221;4.9.4&#8243; _module_preset=&#8221;default&#8221;][et_pb_image src=&#8221;https:\/\/www.campingparkelsaler.com\/web\/wp-content\/uploads\/2021\/06\/chill-out-mojito.jpeg&#8221; title_text=&#8221;chill-out-mojito&#8221; _builder_version=&#8221;4.9.4&#8243; _module_preset=&#8221;default&#8221; custom_margin=&#8221;|||-10px||&#8221;][\/et_pb_image][\/et_pb_column_inner][\/et_pb_row_inner][\/et_pb_column][\/et_pb_section][et_pb_section fb_built=&#8221;1&#8243; specialty=&#8221;on&#8221; admin_label=&#8221;Room&#8221; _builder_version=&#8221;4.9.4&#8243; custom_margin_tablet=&#8221;&#8221; custom_margin_phone=&#8221;||-195px||false|false&#8221; custom_margin_last_edited=&#8221;on|phone&#8221;][et_pb_column type=&#8221;1_2&#8243; _builder_version=&#8221;3.25&#8243; custom_padding=&#8221;|||&#8221; custom_padding__hover=&#8221;|||&#8221;][et_pb_image src=&#8221;https:\/\/www.campingparkelsaler.com\/web\/wp-content\/uploads\/2021\/07\/JAS5371.jpg&#8221; alt=&#8221;fregaderos-camping-park-el-saler-valencia&#8221; title_text=&#8221;fregaderos-camping-park-el-saler-valencia&#8221; align_tablet=&#8221;center&#8221; align_phone=&#8221;&#8221; align_last_edited=&#8221;on|desktop&#8221; disabled_on=&#8221;off|on|on&#8221; _builder_version=&#8221;4.9.4&#8243; locked=&#8221;off&#8221;][\/et_pb_image][et_pb_text _builder_version=&#8221;4.9.4&#8243; text_font=&#8221;||||||||&#8221; text_font_size=&#8221;16px&#8221; text_line_height=&#8221;2em&#8221; ul_font=&#8221;||||||||&#8221; ul_line_height=&#8221;2em&#8221; header_font=&#8221;||||||||&#8221; header_3_font=&#8221;Raleway|700|||||||&#8221; header_3_font_size=&#8221;40px&#8221; header_3_line_height=&#8221;1.4em&#8221; header_6_line_height=&#8221;1.8em&#8221; header_3_font_size_tablet=&#8221;35px&#8221; header_3_font_size_phone=&#8221;25px&#8221; header_3_font_size_last_edited=&#8221;on|phone&#8221; locked=&#8221;off&#8221;]<\/p>\n<h3>Fregaderos, lavadora y secadora<\/h3>\n<p>&nbsp;<\/p>\n<p>Zona para limpiar la vajilla, con una lavadora y secadora para la ropa contiguamente.<\/p>\n<p>[\/et_pb_text][\/et_pb_column][et_pb_column type=&#8221;1_2&#8243; specialty_columns=&#8221;2&#8243; _builder_version=&#8221;3.25&#8243; custom_padding=&#8221;|||&#8221; custom_padding__hover=&#8221;|||&#8221;][et_pb_row_inner _builder_version=&#8221;3.25&#8243;][et_pb_column_inner saved_specialty_column_type=&#8221;1_2&#8243; _builder_version=&#8221;3.25&#8243; custom_padding=&#8221;|||&#8221; custom_padding__hover=&#8221;|||&#8221;][et_pb_image src=&#8221;https:\/\/www.campingparkelsaler.com\/web\/wp-content\/uploads\/2021\/07\/JAS5371.jpg&#8221; alt=&#8221;fregaderos-camping-park-el-saler-valencia&#8221; title_text=&#8221;fregaderos-camping-park-el-saler-valencia&#8221; align_tablet=&#8221;center&#8221; align_phone=&#8221;&#8221; align_last_edited=&#8221;on|desktop&#8221; disabled_on=&#8221;on|off|off&#8221; _builder_version=&#8221;4.9.4&#8243; locked=&#8221;off&#8221;][\/et_pb_image][\/et_pb_column_inner][\/et_pb_row_inner][\/et_pb_column][\/et_pb_section][et_pb_section fb_built=&#8221;1&#8243; specialty=&#8221;on&#8221; admin_label=&#8221;Room&#8221; _builder_version=&#8221;3.22&#8243;][et_pb_column type=&#8221;1_2&#8243; specialty_columns=&#8221;2&#8243; _builder_version=&#8221;3.25&#8243; custom_padding=&#8221;|||&#8221; custom_padding__hover=&#8221;|||&#8221;][et_pb_row_inner _builder_version=&#8221;3.25&#8243;][et_pb_column_inner saved_specialty_column_type=&#8221;1_2&#8243; _builder_version=&#8221;3.25&#8243; custom_padding=&#8221;|||&#8221; custom_padding__hover=&#8221;|||&#8221;][et_pb_image src=&#8221;https:\/\/www.campingparkelsaler.com\/web\/wp-content\/uploads\/2021\/07\/JAS5367.jpg&#8221; alt=&#8221;comedores-comunes-camping-park-el-saler-valencia&#8221; title_text=&#8221;comedores-comunes-camping-park-el-saler-valencia&#8221; align_tablet=&#8221;center&#8221; align_phone=&#8221;&#8221; align_last_edited=&#8221;on|desktop&#8221; _builder_version=&#8221;4.9.4&#8243; locked=&#8221;off&#8221;][\/et_pb_image][\/et_pb_column_inner][\/et_pb_row_inner][\/et_pb_column][et_pb_column type=&#8221;1_2&#8243; _builder_version=&#8221;3.25&#8243; custom_padding=&#8221;|||&#8221; custom_padding__hover=&#8221;|||&#8221;][et_pb_text _builder_version=&#8221;4.9.4&#8243; text_font=&#8221;||||||||&#8221; text_font_size=&#8221;16px&#8221; text_line_height=&#8221;2em&#8221; ul_font=&#8221;||||||||&#8221; ul_line_height=&#8221;2em&#8221; header_font=&#8221;||||||||&#8221; header_3_font=&#8221;Raleway|700|||||||&#8221; header_3_font_size=&#8221;40px&#8221; header_3_line_height=&#8221;1.4em&#8221; header_6_line_height=&#8221;1.8em&#8221; header_3_font_size_tablet=&#8221;35px&#8221; header_3_font_size_phone=&#8221;25px&#8221; header_3_font_size_last_edited=&#8221;on|phone&#8221; locked=&#8221;off&#8221;]<\/p>\n<h3>Zona comedores<\/h3>\n<p>Zona com\u00fan con sombraje para poder comer, con mesas alargadas y bancos.<\/p>\n<p>&nbsp;<\/p>\n<p>[\/et_pb_text][\/et_pb_column][\/et_pb_section][et_pb_section fb_built=&#8221;1&#8243; specialty=&#8221;on&#8221; _builder_version=&#8221;4.9.4&#8243; _module_preset=&#8221;default&#8221; custom_padding=&#8221;||0px|||&#8221; hover_enabled=&#8221;0&#8243; sticky_enabled=&#8221;0&#8243;][et_pb_column type=&#8221;1_2&#8243; specialty_columns=&#8221;2&#8243; _builder_version=&#8221;3.25&#8243; custom_padding=&#8221;|||&#8221; custom_padding__hover=&#8221;|||&#8221;][et_pb_row_inner _builder_version=&#8221;4.9.4&#8243; _module_preset=&#8221;default&#8221;][et_pb_column_inner saved_specialty_column_type=&#8221;1_2&#8243; _builder_version=&#8221;4.9.4&#8243; _module_preset=&#8221;default&#8221;][et_pb_slider _builder_version=&#8221;4.9.4&#8243; _module_preset=&#8221;default&#8221; height=&#8221;415px&#8221; hover_enabled=&#8221;0&#8243; show_content_on_mobile=&#8221;off&#8221; sticky_enabled=&#8221;0&#8243; disabled_on=&#8221;off|on|on&#8221; custom_margin=&#8221;-46px|||||&#8221;][et_pb_slide _builder_version=&#8221;4.9.4&#8243; _module_preset=&#8221;default&#8221; background_image=&#8221;https:\/\/www.campingparkelsaler.com\/web\/wp-content\/uploads\/2021\/07\/JAS5355.jpg&#8221; background_enable_image=&#8221;on&#8221; sticky_transition=&#8221;on&#8221;][\/et_pb_slide][et_pb_slide _builder_version=&#8221;4.9.4&#8243; _module_preset=&#8221;default&#8221; background_image=&#8221;https:\/\/www.campingparkelsaler.com\/web\/wp-content\/uploads\/2021\/07\/JAS5350.jpg&#8221; background_enable_image=&#8221;on&#8221; sticky_transition=&#8221;on&#8221;][\/et_pb_slide][et_pb_slide _builder_version=&#8221;4.9.4&#8243; _module_preset=&#8221;default&#8221; background_image=&#8221;https:\/\/www.campingparkelsaler.com\/web\/wp-content\/uploads\/2021\/07\/JAS5354.jpg&#8221; background_enable_image=&#8221;on&#8221; sticky_transition=&#8221;on&#8221;][\/et_pb_slide][et_pb_slide _builder_version=&#8221;4.9.4&#8243; _module_preset=&#8221;default&#8221; background_image=&#8221;https:\/\/www.campingparkelsaler.com\/web\/wp-content\/uploads\/2021\/07\/JAS5352.jpg&#8221; background_enable_image=&#8221;on&#8221; sticky_transition=&#8221;on&#8221;][\/et_pb_slide][\/et_pb_slider][et_pb_text _builder_version=&#8221;4.9.4&#8243; text_font=&#8221;||||||||&#8221; text_font_size=&#8221;16px&#8221; text_line_height=&#8221;2em&#8221; ul_font=&#8221;||||||||&#8221; ul_line_height=&#8221;2em&#8221; header_font=&#8221;||||||||&#8221; header_3_font=&#8221;Raleway|700|||||||&#8221; header_3_font_size=&#8221;40px&#8221; header_3_line_height=&#8221;1.4em&#8221; header_6_line_height=&#8221;1.8em&#8221; custom_padding=&#8221;||0px|||&#8221; header_3_font_size_tablet=&#8221;35px&#8221; header_3_font_size_phone=&#8221;25px&#8221; header_3_font_size_last_edited=&#8221;on|phone&#8221; locked=&#8221;off&#8221;]<\/p>\n<h3>Ba\u00f1os generales<\/h3>\n<p>&nbsp;<\/p>\n<ul>\n<li>WC&#8217;s con lavamanos\u00a0 y duchas para hombres.<\/li>\n<li>WC&#8217;s con lavamanos\u00a0 y duchas para mujeres.<\/li>\n<\/ul>\n<p>[\/et_pb_text][\/et_pb_column_inner][\/et_pb_row_inner][\/et_pb_column][et_pb_column type=&#8221;1_2&#8243; _builder_version=&#8221;3.25&#8243; custom_padding=&#8221;|||&#8221; custom_padding__hover=&#8221;|||&#8221;][et_pb_slider _builder_version=&#8221;4.9.4&#8243; _module_preset=&#8221;default&#8221; height=&#8221;415px&#8221; hover_enabled=&#8221;0&#8243; show_cta_on_mobile=&#8221;off&#8221; sticky_enabled=&#8221;0&#8243; disabled_on=&#8221;on|off|off&#8221;][et_pb_slide _builder_version=&#8221;4.9.4&#8243; _module_preset=&#8221;default&#8221; background_image=&#8221;https:\/\/www.campingparkelsaler.com\/web\/wp-content\/uploads\/2021\/07\/JAS5355.jpg&#8221; background_enable_image=&#8221;on&#8221; sticky_transition=&#8221;on&#8221;][\/et_pb_slide][et_pb_slide _builder_version=&#8221;4.9.4&#8243; _module_preset=&#8221;default&#8221; background_image=&#8221;https:\/\/www.campingparkelsaler.com\/web\/wp-content\/uploads\/2021\/07\/JAS5350.jpg&#8221; background_enable_image=&#8221;on&#8221; sticky_transition=&#8221;on&#8221;][\/et_pb_slide][et_pb_slide _builder_version=&#8221;4.9.4&#8243; _module_preset=&#8221;default&#8221; background_image=&#8221;https:\/\/www.campingparkelsaler.com\/web\/wp-content\/uploads\/2021\/07\/JAS5354.jpg&#8221; background_enable_image=&#8221;on&#8221; sticky_transition=&#8221;on&#8221;][\/et_pb_slide][et_pb_slide _builder_version=&#8221;4.9.4&#8243; _module_preset=&#8221;default&#8221; background_image=&#8221;https:\/\/www.campingparkelsaler.com\/web\/wp-content\/uploads\/2021\/07\/JAS5352.jpg&#8221; background_enable_image=&#8221;on&#8221; sticky_transition=&#8221;on&#8221;][\/et_pb_slide][\/et_pb_slider][\/et_pb_column][\/et_pb_section][et_pb_section fb_built=&#8221;1&#8243; module_id=&#8221;formulario-reserva&#8221; _builder_version=&#8221;4.9.4&#8243; _module_preset=&#8221;default&#8221; custom_padding=&#8221;22px|||||&#8221; global_module=&#8221;2552&#8243; saved_tabs=&#8221;all&#8221;][et_pb_row _builder_version=&#8221;4.9.4&#8243; _module_preset=&#8221;default&#8221; custom_margin=&#8221;61px|auto||auto||&#8221; custom_padding=&#8221;5px|||||&#8221;][et_pb_column type=&#8221;4_4&#8243; _builder_version=&#8221;4.9.4&#8243; _module_preset=&#8221;default&#8221;][et_pb_text _builder_version=&#8221;4.9.4&#8243; _module_preset=&#8221;default&#8221; header_3_font_size=&#8221;28px&#8221; custom_margin=&#8221;25px||-3px|||&#8221;]<\/p>\n<h3>Reservas e informaci\u00f3n<\/h3>\n<p>[\/et_pb_text][\/et_pb_column][\/et_pb_row][et_pb_row column_structure=&#8221;1_3,1_3,1_3&#8243; _builder_version=&#8221;4.9.4&#8243; module_alignment=&#8221;center&#8221; custom_margin=&#8221;-11px|auto||auto||&#8221; custom_padding=&#8221;||36px|||&#8221; custom_width_px=&#8221;800px&#8221; locked=&#8221;off&#8221;][et_pb_column type=&#8221;1_3&#8243; _builder_version=&#8221;4.9.4&#8243; custom_padding=&#8221;|||&#8221; custom_padding__hover=&#8221;|||&#8221;][et_pb_blurb title=&#8221;Carrera del riu 548, 46012, Valencia.&#8221; url=&#8221;https:\/\/www.google.es\/maps\/place\/Camping+Park+El+Saler\/@39.3887673,-0.3341136,17z\/data=!4m16!1m7!3m6!1s0xd604a315d36df3b:0x8fd78b6f13da0503!2sCarrera+del+Riu,+548,+46012+Valencia!3b1!8m2!3d39.3887673!4d-0.3319249!3m7!1s0xd604a315d326299:0x98283becc8991ec!5m2!4m1!1i2!8m2!3d39.3887673!4d-0.3319249&#8243; use_icon=&#8221;on&#8221; font_icon=&#8221;%%249%%&#8221; icon_color=&#8221;#c3cfd6&#8243; icon_placement=&#8221;left&#8221; use_icon_font_size=&#8221;on&#8221; icon_font_size=&#8221;24px&#8221; _builder_version=&#8221;4.9.4&#8243; header_level=&#8221;h5&#8243; header_font=&#8221;Raleway|700|||||||&#8221; header_text_align=&#8221;left&#8221; header_line_height=&#8221;1.4em&#8221; module_alignment=&#8221;center&#8221; custom_margin=&#8221;|||-9px||&#8221; custom_padding=&#8221;|||0px|false|false&#8221;][\/et_pb_blurb][\/et_pb_column][et_pb_column type=&#8221;1_3&#8243; _builder_version=&#8221;3.25&#8243; custom_padding=&#8221;|||&#8221; custom_padding__hover=&#8221;|||&#8221;][et_pb_blurb title=&#8221;+34 961830244&#8243; url=&#8221;tel:\/\/+34961830244&#8243; use_icon=&#8221;on&#8221; font_icon=&#8221;%%264%%&#8221; icon_color=&#8221;#c3cfd6&#8243; icon_placement=&#8221;left&#8221; use_icon_font_size=&#8221;on&#8221; icon_font_size=&#8221;24px&#8221; _builder_version=&#8221;4.9.4&#8243; header_level=&#8221;h5&#8243; header_font=&#8221;Raleway|700|||||||&#8221; header_line_height=&#8221;1.4em&#8221; custom_margin=&#8221;|||64px|false|false&#8221;][\/et_pb_blurb][\/et_pb_column][et_pb_column type=&#8221;1_3&#8243; _builder_version=&#8221;3.25&#8243; custom_padding=&#8221;|||&#8221; custom_padding__hover=&#8221;|||&#8221;][et_pb_blurb title=&#8221;reservas@campingparkelsaler.com&#8221; url=&#8221;mailto:reservas@campingparkelsaler.com&#8221; use_icon=&#8221;on&#8221; font_icon=&#8221;%%238%%&#8221; icon_color=&#8221;#c3cfd6&#8243; icon_placement=&#8221;left&#8221; use_icon_font_size=&#8221;on&#8221; icon_font_size=&#8221;24px&#8221; _builder_version=&#8221;4.9.4&#8243; header_level=&#8221;h5&#8243; header_font=&#8221;Raleway|700|||||||&#8221; header_line_height=&#8221;1.4em&#8221;][\/et_pb_blurb][\/et_pb_column][\/et_pb_row][et_pb_row _builder_version=&#8221;4.9.4&#8243; _module_preset=&#8221;default&#8221; custom_padding=&#8221;6px|||||&#8221;][et_pb_column type=&#8221;4_4&#8243; _builder_version=&#8221;4.9.4&#8243; _module_preset=&#8221;default&#8221;][et_pb_contact_form email=&#8221;reservas@campingparkelsaler.com&#8221; custom_message=&#8221;Contacto desde la web:||et_pb_line_break_holder||||et_pb_line_break_holder||Nombre: %%Name%%||et_pb_line_break_holder||||et_pb_line_break_holder||Correo: %%Email%%||et_pb_line_break_holder||||et_pb_line_break_holder||Personas: %%Personas%%||et_pb_line_break_holder||||et_pb_line_break_holder||Estancia: %%Estancia%%||et_pb_line_break_holder||||et_pb_line_break_holder||Mensaje: %%Message%%&#8221; _builder_version=&#8221;4.9.4&#8243; _module_preset=&#8221;default&#8221; custom_button=&#8221;on&#8221; button_text_color=&#8221;#FFFFFF&#8221; button_bg_color=&#8221;#97d300&#8243;][et_pb_contact_field field_id=&#8221;Name&#8221; field_title=&#8221;Nombre&#8221; _builder_version=&#8221;4.9.4&#8243; button_text_size__hover_enabled=&#8221;off&#8221; button_one_text_size__hover_enabled=&#8221;off&#8221; button_two_text_size__hover_enabled=&#8221;off&#8221; button_text_color__hover_enabled=&#8221;off&#8221; button_one_text_color__hover_enabled=&#8221;off&#8221; button_two_text_color__hover_enabled=&#8221;off&#8221; button_border_width__hover_enabled=&#8221;off&#8221; button_one_border_width__hover_enabled=&#8221;off&#8221; button_two_border_width__hover_enabled=&#8221;off&#8221; button_border_color__hover_enabled=&#8221;off&#8221; button_one_border_color__hover_enabled=&#8221;off&#8221; button_two_border_color__hover_enabled=&#8221;off&#8221; button_border_radius__hover_enabled=&#8221;off&#8221; button_one_border_radius__hover_enabled=&#8221;off&#8221; button_two_border_radius__hover_enabled=&#8221;off&#8221; button_letter_spacing__hover_enabled=&#8221;off&#8221; button_one_letter_spacing__hover_enabled=&#8221;off&#8221; button_two_letter_spacing__hover_enabled=&#8221;off&#8221; button_bg_color__hover_enabled=&#8221;off&#8221; button_one_bg_color__hover_enabled=&#8221;off&#8221; button_two_bg_color__hover_enabled=&#8221;off&#8221;][\/et_pb_contact_field][et_pb_contact_field field_id=&#8221;Email&#8221; field_title=&#8221;Direcci\u00f3n de correo electr\u00f3nico&#8221; field_type=&#8221;email&#8221; _builder_version=&#8221;3.16&#8243; button_text_size__hover_enabled=&#8221;off&#8221; button_one_text_size__hover_enabled=&#8221;off&#8221; button_two_text_size__hover_enabled=&#8221;off&#8221; button_text_color__hover_enabled=&#8221;off&#8221; button_one_text_color__hover_enabled=&#8221;off&#8221; button_two_text_color__hover_enabled=&#8221;off&#8221; button_border_width__hover_enabled=&#8221;off&#8221; button_one_border_width__hover_enabled=&#8221;off&#8221; button_two_border_width__hover_enabled=&#8221;off&#8221; button_border_color__hover_enabled=&#8221;off&#8221; button_one_border_color__hover_enabled=&#8221;off&#8221; button_two_border_color__hover_enabled=&#8221;off&#8221; button_border_radius__hover_enabled=&#8221;off&#8221; button_one_border_radius__hover_enabled=&#8221;off&#8221; button_two_border_radius__hover_enabled=&#8221;off&#8221; button_letter_spacing__hover_enabled=&#8221;off&#8221; button_one_letter_spacing__hover_enabled=&#8221;off&#8221; button_two_letter_spacing__hover_enabled=&#8221;off&#8221; button_bg_color__hover_enabled=&#8221;off&#8221; button_one_bg_color__hover_enabled=&#8221;off&#8221; button_two_bg_color__hover_enabled=&#8221;off&#8221;][\/et_pb_contact_field][et_pb_contact_field field_id=&#8221;Personas&#8221; field_title=&#8221;N\u00famero de personas&#8221; _builder_version=&#8221;4.9.4&#8243; _module_preset=&#8221;default&#8221;][\/et_pb_contact_field][et_pb_contact_field field_id=&#8221;Estancia&#8221; field_title=&#8221;Seleccione estancia&#8221; field_type=&#8221;select&#8221; select_options=&#8221;%91{%22value%22:%22Parcela%22,%22checked%22:0,%22dragID%22:-1},{%22value%22:%22acampada libre%22,%22checked%22:0,%22dragID%22:0},{%22value%22:%22Bungalow Park el Saler%22,%22checked%22:0,%22dragID%22:1},{%22value%22:%22Bungalow Buhardilla%22,%22checked%22:0,%22dragID%22:2},{%22value%22:%22Bungalow Caba\u00f1a%22,%22checked%22:0,%22dragID%22:3},{%22value%22:%22Quiero pedir informaci\u00f3n%22,%22checked%22:0,%22dragID%22:4}%93&#8243; _builder_version=&#8221;4.9.4&#8243; _module_preset=&#8221;default&#8221;][\/et_pb_contact_field][et_pb_contact_field field_id=&#8221;Message&#8221; field_title=&#8221;Mensaje&#8221; field_type=&#8221;text&#8221; fullwidth_field=&#8221;on&#8221; _builder_version=&#8221;3.16&#8243; button_text_size__hover_enabled=&#8221;off&#8221; button_one_text_size__hover_enabled=&#8221;off&#8221; button_two_text_size__hover_enabled=&#8221;off&#8221; button_text_color__hover_enabled=&#8221;off&#8221; button_one_text_color__hover_enabled=&#8221;off&#8221; button_two_text_color__hover_enabled=&#8221;off&#8221; button_border_width__hover_enabled=&#8221;off&#8221; button_one_border_width__hover_enabled=&#8221;off&#8221; button_two_border_width__hover_enabled=&#8221;off&#8221; button_border_color__hover_enabled=&#8221;off&#8221; button_one_border_color__hover_enabled=&#8221;off&#8221; button_two_border_color__hover_enabled=&#8221;off&#8221; button_border_radius__hover_enabled=&#8221;off&#8221; button_one_border_radius__hover_enabled=&#8221;off&#8221; button_two_border_radius__hover_enabled=&#8221;off&#8221; button_letter_spacing__hover_enabled=&#8221;off&#8221; button_one_letter_spacing__hover_enabled=&#8221;off&#8221; button_two_letter_spacing__hover_enabled=&#8221;off&#8221; button_bg_color__hover_enabled=&#8221;off&#8221; button_one_bg_color__hover_enabled=&#8221;off&#8221; button_two_bg_color__hover_enabled=&#8221;off&#8221;][\/et_pb_contact_field][\/et_pb_contact_form][\/et_pb_column][\/et_pb_row][\/et_pb_section]<\/p>\n","protected":false},"excerpt":{"rendered":"<p>[et_pb_section fb_built=&#8221;1&#8243; admin_label=&#8221;Header&#8221; _builder_version=&#8221;4.9.4&#8243; use_background_color_gradient=&#8221;on&#8221; background_color_gradient_start=&#8221;rgba(0,0,0,0.66)&#8221; background_color_gradient_end=&#8221;rgba(0,0,0,0.67)&#8221; background_color_gradient_type=&#8221;radial&#8221; background_color_gradient_direction_radial=&#8221;top left&#8221; background_color_gradient_start_position=&#8221;30%&#8221; background_color_gradient_end_position=&#8221;80%&#8221; background_color_gradient_overlays_image=&#8221;on&#8221; background_image=&#8221;https:\/\/www.campingparkelsaler.com\/web\/wp-content\/uploads\/2021\/04\/JAS5345-copia.jpg&#8221; custom_margin=&#8221;|||&#8221; custom_padding=&#8221;8vw||8vw||true&#8221;][et_pb_row _builder_version=&#8221;3.25&#8243;][et_pb_column type=&#8221;4_4&#8243; _builder_version=&#8221;3.25&#8243; custom_padding=&#8221;|||&#8221; custom_padding__hover=&#8221;|||&#8221;][et_pb_text _builder_version=&#8221;4.9.4&#8243; text_font=&#8221;||||||||&#8221; header_font=&#8221;Raleway|700|||||||&#8221; header_text_color=&#8221;#FFFFFF&#8221; header_font_size=&#8221;80px&#8221; header_line_height=&#8221;1.2em&#8221; header_5_font=&#8221;Raleway|700||on|||||&#8221; header_5_text_color=&#8221;#000000&#8243; header_5_font_size=&#8221;20px&#8221; header_5_letter_spacing=&#8221;0.5em&#8221; header_5_line_height=&#8221;1.8em&#8221; animation_style=&#8221;zoom&#8221; animation_intensity_zoom=&#8221;5%&#8221; header_font_size_tablet=&#8221;48px&#8221; header_font_size_phone=&#8221;32px&#8221; header_font_size_last_edited=&#8221;on|phone&#8221; header_5_font_size_tablet=&#8221;14px&#8221; header_5_font_size_phone=&#8221;12px&#8221; header_5_font_size_last_edited=&#8221;on|desktop&#8221;] Zonas comunes y servicios [\/et_pb_text][\/et_pb_column][\/et_pb_row][\/et_pb_section][et_pb_section fb_built=&#8221;1&#8243; admin_label=&#8221;About&#8221; _builder_version=&#8221;4.9.4&#8243; custom_margin_tablet=&#8221;&#8221; custom_margin_phone=&#8221;||-106px||false|false&#8221; custom_margin_last_edited=&#8221;on|phone&#8221;][et_pb_row custom_padding_last_edited=&#8221;on|desktop&#8221; _builder_version=&#8221;3.25&#8243; custom_padding=&#8221;27px|100px|27px|100px|false|false&#8221; custom_padding_tablet=&#8221;|0px||0px||true&#8221; [&hellip;]<\/p>\n","protected":false},"author":2,"featured_media":0,"parent":0,"menu_order":0,"comment_status":"closed","ping_status":"closed","template":"","meta":{"_et_pb_use_builder":"on","_et_pb_old_content":"","_et_gb_content_width":"","footnotes":""},"_links":{"self":[{"href":"https:\/\/www.campingparkelsaler.com\/web\/wp-json\/wp\/v2\/pages\/3057"}],"collection":[{"href":"https:\/\/www.campingparkelsaler.com\/web\/wp-json\/wp\/v2\/pages"}],"about":[{"href":"https:\/\/www.campingparkelsaler.com\/web\/wp-json\/wp\/v2\/types\/page"}],"author":[{"embeddable":true,"href":"https:\/\/www.campingparkelsaler.com\/web\/wp-json\/wp\/v2\/users\/2"}],"replies":[{"embeddable":true,"href":"https:\/\/www.campingparkelsaler.com\/web\/wp-json\/wp\/v2\/comments?post=3057"}],"version-history":[{"count":20,"href":"https:\/\/www.campingparkelsaler.com\/web\/wp-json\/wp\/v2\/pages\/3057\/revisions"}],"predecessor-version":[{"id":3668,"href":"https:\/\/www.campingparkelsaler.com\/web\/wp-json\/wp\/v2\/pages\/3057\/revisions\/3668"}],"wp:attachment":[{"href":"https:\/\/www.campingparkelsaler.com\/web\/wp-json\/wp\/v2\/media?parent=3057"}],"curies":[{"name":"wp","href":"https:\/\/api.w.org\/{rel}","templated":true}]}}