{"id":2427,"date":"2021-04-21T21:35:08","date_gmt":"2021-04-21T19:35:08","guid":{"rendered":"http:\/\/www.campingparkelsaler.com\/web\/?page_id=2427"},"modified":"2021-08-05T01:07:18","modified_gmt":"2021-08-04T23:07:18","slug":"turismo","status":"publish","type":"page","link":"https:\/\/www.campingparkelsaler.com\/web\/turismo\/","title":{"rendered":"Turismo"},"content":{"rendered":"<p>[et_pb_section fb_built=&#8221;1&#8243; admin_label=&#8221;Header&#8221; _builder_version=&#8221;4.9.4&#8243; use_background_color_gradient=&#8221;on&#8221; background_color_gradient_start=&#8221;rgba(255,255,255,0.89)&#8221; background_color_gradient_end=&#8221;rgba(255,255,255,0)&#8221; background_color_gradient_type=&#8221;radial&#8221; background_color_gradient_direction_radial=&#8221;top left&#8221; background_color_gradient_start_position=&#8221;30%&#8221; background_color_gradient_end_position=&#8221;80%&#8221; background_color_gradient_overlays_image=&#8221;on&#8221; background_image=&#8221;https:\/\/www.campingparkelsaler.com\/web\/wp-content\/uploads\/2021\/04\/ciudadartesportada.jpg&#8221; custom_padding=&#8221;8vw|0px|155px|0px|false|false&#8221;][et_pb_row _builder_version=&#8221;3.25&#8243; custom_padding=&#8221;||63px|||&#8221;][et_pb_column type=&#8221;4_4&#8243; _builder_version=&#8221;3.25&#8243; custom_padding=&#8221;|||&#8221; custom_padding__hover=&#8221;|||&#8221;][et_pb_text _builder_version=&#8221;3.27.4&#8243; text_font=&#8221;||||||||&#8221; header_font=&#8221;Raleway|700|||||||&#8221; header_font_size=&#8221;80px&#8221; header_line_height=&#8221;1.2em&#8221; header_5_font=&#8221;Raleway|700||on|||||&#8221; header_5_text_color=&#8221;#000000&#8243; header_5_font_size=&#8221;20px&#8221; header_5_letter_spacing=&#8221;0.5em&#8221; header_5_line_height=&#8221;1.8em&#8221; animation_style=&#8221;zoom&#8221; animation_intensity_zoom=&#8221;5%&#8221; header_font_size_tablet=&#8221;48px&#8221; header_font_size_phone=&#8221;32px&#8221; header_font_size_last_edited=&#8221;on|phone&#8221; header_5_font_size_tablet=&#8221;14px&#8221; header_5_font_size_phone=&#8221;12px&#8221; header_5_font_size_last_edited=&#8221;on|desktop&#8221;]<\/p>\n<h5>TURISMO\u00a0<\/h5>\n<h1>TU VISITA<\/h1>\n<h1>EN VALENCIA<\/h1>\n<p>[\/et_pb_text][\/et_pb_column][\/et_pb_row][\/et_pb_section][et_pb_section fb_built=&#8221;1&#8243; admin_label=&#8221;Blog&#8221; _builder_version=&#8221;3.22&#8243; background_color=&#8221;#ffffff&#8221; max_width=&#8221;90%&#8221; max_width_tablet=&#8221;&#8221; max_width_phone=&#8221;100%&#8221; max_width_last_edited=&#8221;on|phone&#8221; custom_margin=&#8221;-160px|||&#8221; custom_padding=&#8221;||20px|||&#8221; border_color_all=&#8221;#ffffff&#8221; border_width_left=&#8221;10vw&#8221;][et_pb_row column_structure=&#8221;2_3,1_3&#8243; _builder_version=&#8221;4.9.4&#8243; module_alignment_tablet=&#8221;&#8221; module_alignment_phone=&#8221;left&#8221; module_alignment_last_edited=&#8221;on|phone&#8221;][et_pb_column type=&#8221;2_3&#8243; _builder_version=&#8221;3.25&#8243; custom_padding=&#8221;|||&#8221; custom_padding__hover=&#8221;|||&#8221;][et_pb_text _builder_version=&#8221;4.9.4&#8243; _module_preset=&#8221;default&#8221; custom_margin=&#8221;||11px|||&#8221;]<\/p>\n<h3>TRANSPORTE<\/h3>\n<p>[\/et_pb_text][et_pb_image src=&#8221;https:\/\/www.campingparkelsaler.com\/web\/wp-content\/uploads\/2021\/04\/emt.jpeg&#8221; title_text=&#8221;emt&#8221; disabled_on=&#8221;off|on|on&#8221; _builder_version=&#8221;4.9.4&#8243; _module_preset=&#8221;default&#8221; custom_margin=&#8221;-18px|48px|-14px|-67px|false|false&#8221;][\/et_pb_image][et_pb_text _builder_version=&#8221;4.9.4&#8243; _module_preset=&#8221;default&#8221; text_line_height=&#8221;1.9em&#8221; custom_margin=&#8221;-1px|||||&#8221; custom_margin_tablet=&#8221;&#8221; custom_margin_phone=&#8221;-25px||||false|false&#8221; custom_margin_last_edited=&#8221;on|phone&#8221;]<\/p>\n<p>Desde Camping Park el Saler tiene la conexi\u00f3n idonea hasta valencia en autob\u00fas de EMT, con un autob\u00fas cada alrededor de unos 20 minutos y paradas perfectas para hacer turismo en Valencia.<\/p>\n<p>[\/et_pb_text][et_pb_button button_url=&#8221;https:\/\/www.emtvalencia.es\/ciudadano\/images\/stories\/pdf\/Ultima_Hora\/Ateraciones\/2014\/12_Diciembre\/Diptico%20informativo%20L25_WEB.pdf&#8221; button_text=&#8221;Mapa y horarios&#8221; _builder_version=&#8221;4.9.4&#8243; _module_preset=&#8221;default&#8221; custom_button=&#8221;on&#8221; button_text_color=&#8221;#FFFFFF&#8221; button_bg_color=&#8221;#A1D323&#8243; custom_margin=&#8221;-9px|||||&#8221;][\/et_pb_button][\/et_pb_column][et_pb_column type=&#8221;1_3&#8243; _builder_version=&#8221;3.25&#8243; custom_padding=&#8221;|||&#8221; custom_padding__hover=&#8221;|||&#8221;][et_pb_image src=&#8221;https:\/\/www.campingparkelsaler.com\/web\/wp-content\/uploads\/2021\/04\/emt.jpeg&#8221; title_text=&#8221;emt&#8221; disabled_on=&#8221;on|off|off&#8221; _builder_version=&#8221;4.9.4&#8243; _module_preset=&#8221;default&#8221; custom_margin=&#8221;-38px|||||&#8221;][\/et_pb_image][\/et_pb_column][\/et_pb_row][\/et_pb_section][et_pb_section fb_built=&#8221;1&#8243; _builder_version=&#8221;4.9.4&#8243; _module_preset=&#8221;default&#8221; background_color=&#8221;#f9f9f9&#8243; custom_padding=&#8221;0px|||||&#8221;][et_pb_row _builder_version=&#8221;4.9.4&#8243; _module_preset=&#8221;default&#8221; custom_padding=&#8221;||7px|||&#8221;][et_pb_column type=&#8221;4_4&#8243; _builder_version=&#8221;4.9.4&#8243; _module_preset=&#8221;default&#8221;][et_pb_text _builder_version=&#8221;4.9.4&#8243; _module_preset=&#8221;default&#8221; custom_margin=&#8221;39px||3px|||&#8221;]<\/p>\n<h2 style=\"text-align: center;\"><strong>TU VISITA<\/strong><\/h2>\n<p style=\"text-align: center;\"><span>Gu\u00eda r\u00e1pida de los lugares imprescindibles que visitar en Valencia.<\/span><\/p>\n<p>[\/et_pb_text][et_pb_divider color=&#8221;rgba(0,0,0,0.19)&#8221; _builder_version=&#8221;4.9.4&#8243; _module_preset=&#8221;default&#8221; custom_margin=&#8221;21px||||false|false&#8221; custom_padding=&#8221;||9px|||&#8221;][\/et_pb_divider][\/et_pb_column][\/et_pb_row][et_pb_row column_structure=&#8221;1_3,2_3&#8243; _builder_version=&#8221;4.9.4&#8243; _module_preset=&#8221;default&#8221;][et_pb_column type=&#8221;1_3&#8243; _builder_version=&#8221;4.9.4&#8243; _module_preset=&#8221;default&#8221;][et_pb_image src=&#8221;https:\/\/www.campingparkelsaler.com\/web\/wp-content\/uploads\/2021\/04\/ciutatdelesarts.png&#8221; title_text=&#8221;ciutatdelesarts&#8221; _builder_version=&#8221;4.9.4&#8243; _module_preset=&#8221;default&#8221; width=&#8221;122%&#8221; custom_margin=&#8221;-25px|||-47px||&#8221; custom_margin_tablet=&#8221;&#8221; custom_margin_phone=&#8221;-73px||-88px|-47px|false|false&#8221; custom_margin_last_edited=&#8221;on|phone&#8221; custom_padding=&#8221;0px|||26px||&#8221;][\/et_pb_image][\/et_pb_column][et_pb_column type=&#8221;2_3&#8243; _builder_version=&#8221;4.9.4&#8243; _module_preset=&#8221;default&#8221;][et_pb_text _builder_version=&#8221;4.9.4&#8243; _module_preset=&#8221;default&#8221; text_line_height=&#8221;1.9em&#8221; custom_margin=&#8221;39px|||||&#8221;]<\/p>\n<h3 style=\"text-align: justify;\">CIUDAD DE LAS ARTES Y LAS CIENCIAS<\/h3>\n<p style=\"text-align: justify;\">Ciencia, naturaleza y arte reunidos en uno de los mayores complejos de divulgaci\u00f3n cient\u00edfica y cultural de europa, en Valencia.<\/p>\n<p>[\/et_pb_text][et_pb_button button_url=&#8221;http:\/\/www.cac.es\/es\/home.html&#8221; button_text=&#8221;Ir al sitio web&#8221; button_alignment=&#8221;right&#8221; _builder_version=&#8221;4.9.4&#8243; _module_preset=&#8221;default&#8221; custom_button=&#8221;on&#8221; button_text_color=&#8221;#FFFFFF&#8221; button_bg_color=&#8221;#A1D323&#8243; custom_margin=&#8221;-15px|||||&#8221;][\/et_pb_button][\/et_pb_column][\/et_pb_row][\/et_pb_section][et_pb_section fb_built=&#8221;1&#8243; _builder_version=&#8221;4.9.4&#8243; _module_preset=&#8221;default&#8221; custom_padding=&#8221;1px||8px|||&#8221;][et_pb_row column_structure=&#8221;2_3,1_3&#8243; _builder_version=&#8221;4.9.4&#8243; _module_preset=&#8221;default&#8221; custom_margin=&#8221;11px|auto||auto||&#8221; custom_padding=&#8221;49px|||||&#8221;][et_pb_column type=&#8221;2_3&#8243; _builder_version=&#8221;4.9.4&#8243; _module_preset=&#8221;default&#8221;][et_pb_image src=&#8221;https:\/\/www.campingparkelsaler.com\/web\/wp-content\/uploads\/2021\/04\/parcnaturalalbufera.png&#8221; title_text=&#8221;parcnaturalalbufera&#8221; disabled_on=&#8221;off|on|on&#8221; _builder_version=&#8221;4.9.4&#8243; _module_preset=&#8221;default&#8221; custom_margin=&#8221;-25px|||||&#8221;][\/et_pb_image][et_pb_text _builder_version=&#8221;4.9.4&#8243; _module_preset=&#8221;default&#8221; text_line_height=&#8221;1.9em&#8221;]<\/p>\n<h3>PARQUE NATURAL : L&#8217;ALBUFERA<\/h3>\n<p>El camping esta situado en el interior de este singular Parque Natural, unos de los humedales m\u00e1s importantes de Europa, integrante de la Red Natura 2000 por declaraci\u00f3n de ZEPA en 1990. Una pausa perfecta de la visita a la ciudad para la observaci\u00f3n de la naturaleza en todo su esplendor donde relajarse e introducirse en una biodiversidad inigualable.<\/p>\n<p>[\/et_pb_text][et_pb_button button_url=&#8221;http:\/\/www.citma.gva.es\/web\/pn-l-albufera&#8221; button_text=&#8221;Visita L&#8217;Albufera&#8221; _builder_version=&#8221;4.9.4&#8243; _module_preset=&#8221;default&#8221; custom_button=&#8221;on&#8221; button_text_color=&#8221;#FFFFFF&#8221; button_bg_color=&#8221;#A1D323&#8243;][\/et_pb_button][\/et_pb_column][et_pb_column type=&#8221;1_3&#8243; _builder_version=&#8221;4.9.4&#8243; _module_preset=&#8221;default&#8221;][et_pb_image src=&#8221;https:\/\/www.campingparkelsaler.com\/web\/wp-content\/uploads\/2021\/04\/parcnaturalalbufera.png&#8221; title_text=&#8221;parcnaturalalbufera&#8221; disabled_on=&#8221;on|off|off&#8221; _builder_version=&#8221;4.9.4&#8243; _module_preset=&#8221;default&#8221; custom_margin=&#8221;-25px|||||&#8221;][\/et_pb_image][\/et_pb_column][\/et_pb_row][\/et_pb_section][et_pb_section fb_built=&#8221;1&#8243; _builder_version=&#8221;4.9.4&#8243; _module_preset=&#8221;default&#8221; background_color=&#8221;#f9f9f9&#8243; custom_padding=&#8221;2px||7px|||&#8221;][et_pb_row column_structure=&#8221;1_3,2_3&#8243; _builder_version=&#8221;4.9.4&#8243; _module_preset=&#8221;default&#8221; custom_margin=&#8221;40px|auto||auto||&#8221;][et_pb_column type=&#8221;1_3&#8243; _builder_version=&#8221;4.9.4&#8243; _module_preset=&#8221;default&#8221;][et_pb_image src=&#8221;https:\/\/www.campingparkelsaler.com\/web\/wp-content\/uploads\/2021\/04\/bioparc.jpeg&#8221; title_text=&#8221;bioparc&#8221; _builder_version=&#8221;4.9.4&#8243; _module_preset=&#8221;default&#8221;][\/et_pb_image][\/et_pb_column][et_pb_column type=&#8221;2_3&#8243; _builder_version=&#8221;4.9.4&#8243; _module_preset=&#8221;default&#8221;][et_pb_text _builder_version=&#8221;4.9.4&#8243; _module_preset=&#8221;default&#8221; text_line_height=&#8221;1.9em&#8221; custom_margin=&#8221;||3px|||&#8221;]<\/p>\n<h3>BIOPARC VALENCIA<\/h3>\n<p>Visita emocionante tanto para ni\u00f1os como para adultos, un nuevo concepto de zoo de ultima generaci\u00f3n zoo-inmersi\u00f3n que sumerge al visitante totalmente en los \u00a0 \u00a0 habitas salvajes, ofrece emociones en cada recodo del parque y en cada segundo de la visita, haciendo a Bioparc un mundo m\u00e1gico inolvidable.<\/p>\n<p>[\/et_pb_text][et_pb_button button_url=&#8221;http:\/\/www.bioparcvalencia.es\/&#8221; button_text=&#8221;Visita el Bioparc&#8221; button_alignment=&#8221;right&#8221; _builder_version=&#8221;4.9.4&#8243; _module_preset=&#8221;default&#8221; custom_button=&#8221;on&#8221; button_text_color=&#8221;#FFFFFF&#8221; button_bg_color=&#8221;#A1D323&#8243; custom_margin=&#8221;25px|||||&#8221;][\/et_pb_button][\/et_pb_column][\/et_pb_row][\/et_pb_section][et_pb_section fb_built=&#8221;1&#8243; _builder_version=&#8221;4.9.4&#8243; _module_preset=&#8221;default&#8221; custom_padding=&#8221;3px||6px|||&#8221;][et_pb_row column_structure=&#8221;2_3,1_3&#8243; _builder_version=&#8221;4.9.4&#8243; _module_preset=&#8221;default&#8221;][et_pb_column type=&#8221;2_3&#8243; _builder_version=&#8221;4.9.4&#8243; _module_preset=&#8221;default&#8221;][et_pb_image src=&#8221;https:\/\/www.campingparkelsaler.com\/web\/wp-content\/uploads\/2021\/04\/plazabirgen.jpeg&#8221; title_text=&#8221;plazavirgen&#8221; disabled_on=&#8221;off|on|on&#8221; _builder_version=&#8221;4.9.4&#8243; _module_preset=&#8221;default&#8221;][\/et_pb_image][et_pb_text _builder_version=&#8221;4.9.4&#8243; _module_preset=&#8221;default&#8221; text_line_height=&#8221;1.9em&#8221;]<\/p>\n<h3>CENTRO HIST\u00d3RICO<\/h3>\n<p>Las visitas imprescindibles valencianas son : La Almoina, origen de Valencia, La Cripta de San Vicente, el complejo Catedralicio \u00fanico por sus estilos, El Miguelete, Santa Catalina, La\u00a0Plaza Redonda, La Lonja de la seda, Las Torres de Serranos y Quart, Los palacios\u00a0del Marques de dos Aguas y Cervello, y muchos lugares m\u00e1s que narran la historia de esta bella ciudad. \u00a0 \u00a0 \u00a0 \u00a0 \u00a0 \u00a0 \u00a0 \u00a0 \u00a0<\/p>\n<p>[\/et_pb_text][et_pb_button button_url=&#8221;https:\/\/www.visitvalencia.com\/que-ver-valencia\/centro-historico&#8221; button_text=&#8221;Descubre Valencia&#8221; _builder_version=&#8221;4.9.4&#8243; _module_preset=&#8221;default&#8221; custom_button=&#8221;on&#8221; button_text_color=&#8221;#FFFFFF&#8221; button_bg_color=&#8221;#A1D323&#8243;][\/et_pb_button][\/et_pb_column][et_pb_column type=&#8221;1_3&#8243; _builder_version=&#8221;4.9.4&#8243; _module_preset=&#8221;default&#8221;][et_pb_image src=&#8221;https:\/\/www.campingparkelsaler.com\/web\/wp-content\/uploads\/2021\/04\/plazabirgen.jpeg&#8221; title_text=&#8221;plazavirgen&#8221; disabled_on=&#8221;on|off|off&#8221; _builder_version=&#8221;4.9.4&#8243; _module_preset=&#8221;default&#8221;][\/et_pb_image][\/et_pb_column][\/et_pb_row][\/et_pb_section][et_pb_section fb_built=&#8221;1&#8243; _builder_version=&#8221;4.9.4&#8243; _module_preset=&#8221;default&#8221; background_color=&#8221;#f9f9f9&#8243; custom_padding=&#8221;2px||7px|||&#8221;][et_pb_row column_structure=&#8221;1_3,2_3&#8243; _builder_version=&#8221;4.9.4&#8243; _module_preset=&#8221;default&#8221; custom_margin=&#8221;26px|auto||auto||&#8221; custom_padding=&#8221;||35px|||&#8221;][et_pb_column type=&#8221;1_3&#8243; _builder_version=&#8221;4.9.4&#8243; _module_preset=&#8221;default&#8221;][et_pb_image src=&#8221;https:\/\/www.campingparkelsaler.com\/web\/wp-content\/uploads\/2021\/04\/Santoca\u0301liz.jpeg&#8221; title_text=&#8221;Santoca\u0301liz&#8221; align_tablet=&#8221;&#8221; align_phone=&#8221;center&#8221; align_last_edited=&#8221;on|phone&#8221; _builder_version=&#8221;4.9.4&#8243; _module_preset=&#8221;default&#8221; width=&#8221;66%&#8221; custom_margin=&#8221;-11px|||||&#8221;][\/et_pb_image][\/et_pb_column][et_pb_column type=&#8221;2_3&#8243; _builder_version=&#8221;4.9.4&#8243; _module_preset=&#8221;default&#8221;][et_pb_text _builder_version=&#8221;4.9.4&#8243; _module_preset=&#8221;default&#8221; text_line_height=&#8221;1.9em&#8221; custom_margin=&#8221;20px||3px|||&#8221;]<\/p>\n<h3>CAPILLA DEL SANTO C\u00c1LIZ &#8211; CATEDRAL DE VALENCIA<\/h3>\n<p><span>El santo c\u00e1liz de la catedral de Valencia, custodiado en la Capilla de su nombre en la Catedral de Santa Mar\u00eda de Valencia, es el vaso que las tradiciones aragonesa y valenciana identifican\u200b con el Grial<\/span><\/p>\n<p>[\/et_pb_text][et_pb_button button_url=&#8221;https:\/\/museocatedralvalencia.com\/la-visita\/recorrido-capillas\/el-santo-caliz-de-la-cena-del-senor\/&#8221; button_text=&#8221;M\u00e1s informaci\u00f3n&#8221; button_alignment=&#8221;right&#8221; _builder_version=&#8221;4.9.4&#8243; _module_preset=&#8221;default&#8221; custom_button=&#8221;on&#8221; button_text_color=&#8221;#FFFFFF&#8221; button_bg_color=&#8221;#A1D323&#8243; custom_margin=&#8221;25px|||||&#8221;][\/et_pb_button][\/et_pb_column][\/et_pb_row][\/et_pb_section][et_pb_section fb_built=&#8221;1&#8243; _builder_version=&#8221;4.9.4&#8243; _module_preset=&#8221;default&#8221; custom_padding=&#8221;3px||6px|||&#8221;][et_pb_row column_structure=&#8221;2_3,1_3&#8243; _builder_version=&#8221;4.9.4&#8243; _module_preset=&#8221;default&#8221; custom_padding=&#8221;34px|||||&#8221;][et_pb_column type=&#8221;2_3&#8243; _builder_version=&#8221;4.9.4&#8243; _module_preset=&#8221;default&#8221;][et_pb_image src=&#8221;https:\/\/www.campingparkelsaler.com\/web\/wp-content\/uploads\/2021\/04\/cripta-arqueologica-de-2.jpeg&#8221; title_text=&#8221;cripta-arqueologica-de-2&#8243; disabled_on=&#8221;off|on|on&#8221; _builder_version=&#8221;4.9.4&#8243; _module_preset=&#8221;default&#8221; custom_margin=&#8221;6px|||||&#8221;][\/et_pb_image][et_pb_text _builder_version=&#8221;4.9.4&#8243; _module_preset=&#8221;default&#8221; text_line_height=&#8221;1.9em&#8221;]<\/p>\n<h3>CRIPTA ARQUEOL\u00d3GICA DE LA C\u00c1RCEL DE SAN VICENTE M\u00c1RTIR<\/h3>\n<p><span>En el marco de un magn\u00edfico tesoro arqueol\u00f3gico, herencia de un pasado visigodo, el visitante puede realizar un viaje audiovisual por la historia de Val\u00e8ncia, guiado por un antepasado que revive los or\u00edgenes de la ciudad. Todo el conjunto se completa con una valiosa exposici\u00f3n de piezas relacionadas con el lugar: pintura mural romana, altar y cancel visigodos, materiales isl\u00e1micos y una escultura de San Vicente M\u00e1rtir. Un conjunto arqueol\u00f3gico digno de admirar.<\/span><\/p>\n<p>[\/et_pb_text][et_pb_button button_url=&#8221;https:\/\/www.visitvalencia.com\/que-hacer-valencia\/cultura-valenciana\/museos-en-valencia\/cripta-arqueologica-carcel-san-vicente-martir&#8221; button_text=&#8221;M\u00e1s informaci\u00f3n&#8221; _builder_version=&#8221;4.9.4&#8243; _module_preset=&#8221;default&#8221; custom_button=&#8221;on&#8221; button_text_color=&#8221;#FFFFFF&#8221; button_bg_color=&#8221;#A1D323&#8243;][\/et_pb_button][\/et_pb_column][et_pb_column type=&#8221;1_3&#8243; _builder_version=&#8221;4.9.4&#8243; _module_preset=&#8221;default&#8221;][et_pb_image src=&#8221;https:\/\/www.campingparkelsaler.com\/web\/wp-content\/uploads\/2021\/04\/cripta-arqueologica-de-2.jpeg&#8221; title_text=&#8221;cripta-arqueologica-de-2&#8243; disabled_on=&#8221;on|off|off&#8221; _builder_version=&#8221;4.9.4&#8243; _module_preset=&#8221;default&#8221; custom_margin=&#8221;6px|||||&#8221;][\/et_pb_image][\/et_pb_column][\/et_pb_row][\/et_pb_section][et_pb_section fb_built=&#8221;1&#8243; _builder_version=&#8221;4.9.4&#8243; _module_preset=&#8221;default&#8221; background_color=&#8221;#f9f9f9&#8243; custom_padding=&#8221;2px||7px|||&#8221;][et_pb_row column_structure=&#8221;1_3,2_3&#8243; _builder_version=&#8221;4.9.4&#8243; _module_preset=&#8221;default&#8221; custom_margin=&#8221;26px|auto||auto||&#8221; custom_padding=&#8221;||35px|||&#8221;][et_pb_column type=&#8221;1_3&#8243; _builder_version=&#8221;4.9.4&#8243; _module_preset=&#8221;default&#8221;][et_pb_image src=&#8221;https:\/\/www.campingparkelsaler.com\/web\/wp-content\/uploads\/2021\/04\/almoina.jpeg&#8221; title_text=&#8221;almoina&#8221; _builder_version=&#8221;4.9.4&#8243; _module_preset=&#8221;default&#8221; width=&#8221;100%&#8221; custom_margin=&#8221;-6px|||||&#8221;][\/et_pb_image][\/et_pb_column][et_pb_column type=&#8221;2_3&#8243; _builder_version=&#8221;4.9.4&#8243; _module_preset=&#8221;default&#8221;][et_pb_text _builder_version=&#8221;4.9.4&#8243; _module_preset=&#8221;default&#8221; text_line_height=&#8221;1.9em&#8221; custom_margin=&#8221;20px||3px|||&#8221;]<\/p>\n<h3>CENTRO ARQUEOL\u00d3GICO DE LA ALMOINA<\/h3>\n<p><span>Proyecto ambicioso, que ayudado por soluciones vanguardistas, permite admirar restos de asentamientos de las distintas civilizaciones en Valencia.<\/span><\/p>\n<p>[\/et_pb_text][et_pb_button button_url=&#8221;https:\/\/www.visitvalencia.com\/que-hacer-valencia\/cultura-valenciana\/museos-en-valencia\/museo-arqueologico-almoina&#8221; button_text=&#8221;M\u00e1s informaci\u00f3n&#8221; button_alignment=&#8221;right&#8221; _builder_version=&#8221;4.9.4&#8243; _module_preset=&#8221;default&#8221; custom_button=&#8221;on&#8221; button_text_color=&#8221;#FFFFFF&#8221; button_bg_color=&#8221;#A1D323&#8243; custom_margin=&#8221;25px|||||&#8221;][\/et_pb_button][\/et_pb_column][\/et_pb_row][\/et_pb_section][et_pb_section fb_built=&#8221;1&#8243; _builder_version=&#8221;4.9.4&#8243; _module_preset=&#8221;default&#8221; background_color=&#8221;#FFFFFF&#8221; custom_padding=&#8221;2px||7px|||&#8221;][et_pb_row _builder_version=&#8221;4.9.4&#8243; _module_preset=&#8221;default&#8221; custom_margin=&#8221;40px|auto||auto||&#8221;][et_pb_column type=&#8221;4_4&#8243; _builder_version=&#8221;4.9.4&#8243; _module_preset=&#8221;default&#8221;][et_pb_text _builder_version=&#8221;4.9.4&#8243; _module_preset=&#8221;default&#8221;]<\/p>\n<h2 style=\"text-align: center;\"><strong>CULTURA Y EXPOSICIONES<\/strong><\/h2>\n<p>[\/et_pb_text][et_pb_divider color=&#8221;rgba(0,0,0,0.19)&#8221; _builder_version=&#8221;4.9.4&#8243; _module_preset=&#8221;default&#8221;][\/et_pb_divider][\/et_pb_column][\/et_pb_row][\/et_pb_section][et_pb_section fb_built=&#8221;1&#8243; _builder_version=&#8221;4.9.4&#8243; _module_preset=&#8221;default&#8221; background_color=&#8221;#FFFFFF&#8221; custom_padding=&#8221;2px||7px|||&#8221;][et_pb_row column_structure=&#8221;1_3,2_3&#8243; _builder_version=&#8221;4.9.4&#8243; _module_preset=&#8221;default&#8221; custom_margin=&#8221;2px|auto||auto||&#8221;][et_pb_column type=&#8221;1_3&#8243; _builder_version=&#8221;4.9.4&#8243; _module_preset=&#8221;default&#8221;][et_pb_image src=&#8221;https:\/\/www.campingparkelsaler.com\/web\/wp-content\/uploads\/2021\/04\/sorolla.jpg&#8221; title_text=&#8221;sorolla&#8221; _builder_version=&#8221;4.9.4&#8243; _module_preset=&#8221;default&#8221; custom_margin=&#8221;-28px|||||&#8221;][\/et_pb_image][\/et_pb_column][et_pb_column type=&#8221;2_3&#8243; _builder_version=&#8221;4.9.4&#8243; _module_preset=&#8221;default&#8221;][et_pb_text _builder_version=&#8221;4.9.4&#8243; _module_preset=&#8221;default&#8221; text_line_height=&#8221;1.9em&#8221; custom_margin=&#8221;30px||3px|||&#8221;]<\/p>\n<h3 style=\"text-align: center;\">FEMENINO PLURAL &#8211; SOROLLA<\/h3>\n<div id=\"ctl00_cphMain_lblfechas\" style=\"text-align: center;\"><strong>Del 03\/02\/2021 al 30\/05\/2021<\/strong><\/div>\n<div id=\"ctl00_cphMain_lblcentro\" style=\"text-align: center;\">Centro Cultural Bancaja<br \/>Plaza de Tetu\u00e1n, 23 , Valencia<\/div>\n<p>[\/et_pb_text][et_pb_button button_url=&#8221;https:\/\/www.fundacionbancaja.es\/exposicion\/sorolla-femenino-plural\/&#8221; button_text=&#8221;M\u00e1s informaci\u00f3n&#8221; button_alignment=&#8221;center&#8221; _builder_version=&#8221;4.9.4&#8243; _module_preset=&#8221;default&#8221; custom_button=&#8221;on&#8221; button_text_color=&#8221;#FFFFFF&#8221; button_bg_color=&#8221;#A1D323&#8243; custom_margin=&#8221;26px|||||&#8221;][\/et_pb_button][\/et_pb_column][\/et_pb_row][\/et_pb_section][et_pb_section fb_built=&#8221;1&#8243; _builder_version=&#8221;4.9.4&#8243; _module_preset=&#8221;default&#8221; background_color=&#8221;#f9f9f9&#8243; custom_padding=&#8221;1px||8px|||&#8221;][et_pb_row column_structure=&#8221;2_3,1_3&#8243; _builder_version=&#8221;4.9.4&#8243; _module_preset=&#8221;default&#8221; custom_margin=&#8221;11px|auto||auto||&#8221; custom_padding=&#8221;49px|||||&#8221;][et_pb_column type=&#8221;2_3&#8243; _builder_version=&#8221;4.9.4&#8243; _module_preset=&#8221;default&#8221;][et_pb_image src=&#8221;https:\/\/www.campingparkelsaler.com\/web\/wp-content\/uploads\/2021\/04\/GOYAPICASSO.jpeg&#8221; title_text=&#8221;GOYAPICASSO&#8221; disabled_on=&#8221;off|on|on&#8221; _builder_version=&#8221;4.9.4&#8243; _module_preset=&#8221;default&#8221; custom_margin=&#8221;-25px|||||&#8221;][\/et_pb_image][et_pb_text _builder_version=&#8221;4.9.4&#8243; _module_preset=&#8221;default&#8221; text_line_height=&#8221;1.9em&#8221; custom_margin=&#8221;39px|||||&#8221;]<\/p>\n<h3 style=\"text-align: center;\">GOYA EN LA MIRADA DE PICASSO<\/h3>\n<p style=\"text-align: center;\"><strong>Del 31\/03\/2021 al 25\/07\/2021<\/strong><\/p>\n<div id=\"ctl00_cphMain_lblcentro\" style=\"text-align: center;\">Centro Cultural Bancaja<br \/>Plaza de Tetu\u00e1n, 23 , Valencia<\/div>\n<p>[\/et_pb_text][et_pb_button button_url=&#8221;https:\/\/www.fundacionbancaja.es\/exposicion\/goya-en-la-mirada-de-picasso\/&#8221; button_text=&#8221;M\u00e1s informaci\u00f3n&#8221; button_alignment=&#8221;center&#8221; _builder_version=&#8221;4.9.4&#8243; _module_preset=&#8221;default&#8221; custom_button=&#8221;on&#8221; button_text_color=&#8221;#FFFFFF&#8221; button_bg_color=&#8221;#A1D323&#8243;][\/et_pb_button][\/et_pb_column][et_pb_column type=&#8221;1_3&#8243; _builder_version=&#8221;4.9.4&#8243; _module_preset=&#8221;default&#8221;][et_pb_image src=&#8221;https:\/\/www.campingparkelsaler.com\/web\/wp-content\/uploads\/2021\/04\/GOYAPICASSO.jpeg&#8221; title_text=&#8221;GOYAPICASSO&#8221; disabled_on=&#8221;on|off|off&#8221; _builder_version=&#8221;4.9.4&#8243; _module_preset=&#8221;default&#8221; custom_margin=&#8221;-25px|||||&#8221;][\/et_pb_image][\/et_pb_column][\/et_pb_row][\/et_pb_section][et_pb_section fb_built=&#8221;1&#8243; _builder_version=&#8221;4.9.4&#8243; _module_preset=&#8221;default&#8221; background_color=&#8221;#FFFFFF&#8221; custom_padding=&#8221;2px||7px|||&#8221;][et_pb_row column_structure=&#8221;1_3,2_3&#8243; _builder_version=&#8221;4.9.4&#8243; _module_preset=&#8221;default&#8221; custom_margin=&#8221;2px|auto||auto||&#8221; custom_padding=&#8221;49px|||||&#8221;][et_pb_column type=&#8221;1_3&#8243; _builder_version=&#8221;4.9.4&#8243; _module_preset=&#8221;default&#8221;][et_pb_image src=&#8221;https:\/\/www.campingparkelsaler.com\/web\/wp-content\/uploads\/2021\/04\/museuhistoria.png&#8221; title_text=&#8221;museuhistoria&#8221; align_tablet=&#8221;&#8221; align_phone=&#8221;center&#8221; align_last_edited=&#8221;on|phone&#8221; _builder_version=&#8221;4.9.4&#8243; _module_preset=&#8221;default&#8221; custom_margin=&#8221;-13px|||||&#8221;][\/et_pb_image][\/et_pb_column][et_pb_column type=&#8221;2_3&#8243; _builder_version=&#8221;4.9.4&#8243; _module_preset=&#8221;default&#8221;][et_pb_text _builder_version=&#8221;4.9.4&#8243; _module_preset=&#8221;default&#8221; text_line_height=&#8221;1.9em&#8221; custom_margin=&#8221;30px||3px|||&#8221;]<\/p>\n<h3 style=\"text-align: center;\">MUSEO DE HISTORIA DE VALENCIA<\/h3>\n<p style=\"text-align: center;\"><strong>Martes a s\u00e1bado 10:00 h a 19.00 h<\/strong><br \/><strong>Domingos y festivos de 10h a 14.00 h<\/strong><\/p>\n<div id=\"ctl00_cphMain_lblfechas\" style=\"text-align: center;\">\n<p>C\/ Val\u00e8ncia 42. 46920 Mislata<br \/>(continuaci\u00f3n del Paseo de la Pechina)<\/p>\n<\/div>\n<p>[\/et_pb_text][et_pb_button button_url=&#8221;http:\/\/mhv.valencia.es\/es&#8221; button_text=&#8221;M\u00e1s informaci\u00f3n&#8221; button_alignment=&#8221;center&#8221; _builder_version=&#8221;4.9.4&#8243; _module_preset=&#8221;default&#8221; custom_button=&#8221;on&#8221; button_text_color=&#8221;#FFFFFF&#8221; button_bg_color=&#8221;#A1D323&#8243; custom_margin=&#8221;26px|||||&#8221;][\/et_pb_button][\/et_pb_column][\/et_pb_row][\/et_pb_section][et_pb_section fb_built=&#8221;1&#8243; _builder_version=&#8221;4.9.4&#8243; _module_preset=&#8221;default&#8221; background_color=&#8221;#f9f9f9&#8243; custom_padding=&#8221;||1px|||&#8221;][et_pb_row _builder_version=&#8221;4.9.4&#8243; _module_preset=&#8221;default&#8221;][et_pb_column type=&#8221;4_4&#8243; _builder_version=&#8221;4.9.4&#8243; _module_preset=&#8221;default&#8221;][et_pb_text _builder_version=&#8221;4.9.4&#8243; _module_preset=&#8221;default&#8221;]<\/p>\n<h2 style=\"text-align: center;\"><strong>ACTUALIDAD EN CULTURA Y ARTE<\/strong><\/h2>\n<p>[\/et_pb_text][et_pb_divider color=&#8221;rgba(0,0,0,0.23)&#8221; _builder_version=&#8221;4.9.4&#8243; _module_preset=&#8221;default&#8221;][\/et_pb_divider][\/et_pb_column][\/et_pb_row][et_pb_row column_structure=&#8221;2_3,1_3&#8243; _builder_version=&#8221;4.9.4&#8243; _module_preset=&#8221;default&#8221;][et_pb_column type=&#8221;2_3&#8243; _builder_version=&#8221;4.9.4&#8243; _module_preset=&#8221;default&#8221;][et_pb_image src=&#8221;https:\/\/www.campingparkelsaler.com\/web\/wp-content\/uploads\/2021\/04\/museos-monumentos.png&#8221; title_text=&#8221;museos monumentos&#8221; align=&#8221;center&#8221; disabled_on=&#8221;off|on|on&#8221; _builder_version=&#8221;4.9.4&#8243; _module_preset=&#8221;default&#8221; width=&#8221;45%&#8221;][\/et_pb_image][et_pb_text _builder_version=&#8221;4.9.4&#8243; _module_preset=&#8221;default&#8221; custom_margin=&#8221;38px|||||&#8221;]<\/p>\n<h3>MUSEOS, MONUMENTOS Y M\u00c1S CULTURA EN VALENCIA<\/h3>\n<p>Revista online sobre los museos, monumentos y espacios importantes en Valencia, ideal para conocer un poco de hist\u00f3ria de cada peque\u00f1a parte que hace de Valencia una cuidad incre\u00edble.<\/p>\n<p>[\/et_pb_text][et_pb_button button_url=&#8221;http:\/\/www.museosymonumentosvalencia.com\/que-hacemos-hoy\/&#8221; button_text=&#8221;Visita la web&#8221; _builder_version=&#8221;4.9.4&#8243; _module_preset=&#8221;default&#8221; custom_button=&#8221;on&#8221; button_text_color=&#8221;#FFFFFF&#8221; button_bg_color=&#8221;#A1D323&#8243;][\/et_pb_button][\/et_pb_column][et_pb_column type=&#8221;1_3&#8243; _builder_version=&#8221;4.9.4&#8243; _module_preset=&#8221;default&#8221;][et_pb_image src=&#8221;https:\/\/www.campingparkelsaler.com\/web\/wp-content\/uploads\/2021\/04\/museos-monumentos.png&#8221; title_text=&#8221;museos monumentos&#8221; align=&#8221;center&#8221; disabled_on=&#8221;on|off|off&#8221; _builder_version=&#8221;4.9.4&#8243; _module_preset=&#8221;default&#8221; width=&#8221;45%&#8221;][\/et_pb_image][\/et_pb_column][\/et_pb_row][\/et_pb_section][et_pb_section fb_built=&#8221;1&#8243; module_id=&#8221;formulario-reserva&#8221; _builder_version=&#8221;4.9.4&#8243; _module_preset=&#8221;default&#8221; custom_padding=&#8221;22px|||||&#8221; saved_tabs=&#8221;all&#8221; global_module=&#8221;2552&#8243;][et_pb_row _builder_version=&#8221;4.9.4&#8243; _module_preset=&#8221;default&#8221; custom_margin=&#8221;61px|auto||auto||&#8221; custom_padding=&#8221;5px|||||&#8221;][et_pb_column type=&#8221;4_4&#8243; _builder_version=&#8221;4.9.4&#8243; _module_preset=&#8221;default&#8221;][et_pb_text _builder_version=&#8221;4.9.4&#8243; _module_preset=&#8221;default&#8221; header_3_font_size=&#8221;28px&#8221; custom_margin=&#8221;25px||-3px|||&#8221;]<\/p>\n<h3>Reservas e informaci\u00f3n<\/h3>\n<p>[\/et_pb_text][\/et_pb_column][\/et_pb_row][et_pb_row column_structure=&#8221;1_3,1_3,1_3&#8243; _builder_version=&#8221;4.9.4&#8243; module_alignment=&#8221;center&#8221; custom_margin=&#8221;-11px|auto||auto||&#8221; custom_padding=&#8221;||36px|||&#8221; custom_width_px=&#8221;800px&#8221; locked=&#8221;off&#8221;][et_pb_column type=&#8221;1_3&#8243; _builder_version=&#8221;4.9.4&#8243; custom_padding=&#8221;|||&#8221; custom_padding__hover=&#8221;|||&#8221;][et_pb_blurb title=&#8221;Carrera del riu 548, 46012, Valencia.&#8221; url=&#8221;https:\/\/www.google.es\/maps\/place\/Camping+Park+El+Saler\/@39.3887673,-0.3341136,17z\/data=!4m16!1m7!3m6!1s0xd604a315d36df3b:0x8fd78b6f13da0503!2sCarrera+del+Riu,+548,+46012+Valencia!3b1!8m2!3d39.3887673!4d-0.3319249!3m7!1s0xd604a315d326299:0x98283becc8991ec!5m2!4m1!1i2!8m2!3d39.3887673!4d-0.3319249&#8243; use_icon=&#8221;on&#8221; font_icon=&#8221;%%249%%&#8221; icon_color=&#8221;#c3cfd6&#8243; icon_placement=&#8221;left&#8221; use_icon_font_size=&#8221;on&#8221; icon_font_size=&#8221;24px&#8221; _builder_version=&#8221;4.9.4&#8243; header_level=&#8221;h5&#8243; header_font=&#8221;Raleway|700|||||||&#8221; header_text_align=&#8221;left&#8221; header_line_height=&#8221;1.4em&#8221; module_alignment=&#8221;center&#8221; custom_margin=&#8221;|||-9px||&#8221; custom_padding=&#8221;|||0px|false|false&#8221;][\/et_pb_blurb][\/et_pb_column][et_pb_column type=&#8221;1_3&#8243; _builder_version=&#8221;3.25&#8243; custom_padding=&#8221;|||&#8221; custom_padding__hover=&#8221;|||&#8221;][et_pb_blurb title=&#8221;+34 961830244&#8243; url=&#8221;tel:\/\/+34961830244&#8243; use_icon=&#8221;on&#8221; font_icon=&#8221;%%264%%&#8221; icon_color=&#8221;#c3cfd6&#8243; icon_placement=&#8221;left&#8221; use_icon_font_size=&#8221;on&#8221; icon_font_size=&#8221;24px&#8221; _builder_version=&#8221;4.9.4&#8243; header_level=&#8221;h5&#8243; header_font=&#8221;Raleway|700|||||||&#8221; header_line_height=&#8221;1.4em&#8221; custom_margin=&#8221;|||64px|false|false&#8221;][\/et_pb_blurb][\/et_pb_column][et_pb_column type=&#8221;1_3&#8243; _builder_version=&#8221;3.25&#8243; custom_padding=&#8221;|||&#8221; custom_padding__hover=&#8221;|||&#8221;][et_pb_blurb title=&#8221;reservas@campingparkelsaler.com&#8221; url=&#8221;mailto:reservas@campingparkelsaler.com&#8221; use_icon=&#8221;on&#8221; font_icon=&#8221;%%238%%&#8221; icon_color=&#8221;#c3cfd6&#8243; icon_placement=&#8221;left&#8221; use_icon_font_size=&#8221;on&#8221; icon_font_size=&#8221;24px&#8221; _builder_version=&#8221;4.9.4&#8243; header_level=&#8221;h5&#8243; header_font=&#8221;Raleway|700|||||||&#8221; header_line_height=&#8221;1.4em&#8221;][\/et_pb_blurb][\/et_pb_column][\/et_pb_row][et_pb_row _builder_version=&#8221;4.9.4&#8243; _module_preset=&#8221;default&#8221; custom_padding=&#8221;6px|||||&#8221;][et_pb_column type=&#8221;4_4&#8243; _builder_version=&#8221;4.9.4&#8243; _module_preset=&#8221;default&#8221;][et_pb_contact_form email=&#8221;reservas@campingparkelsaler.com&#8221; custom_message=&#8221;Contacto desde la web:||et_pb_line_break_holder||||et_pb_line_break_holder||Nombre: %%Name%%||et_pb_line_break_holder||||et_pb_line_break_holder||Correo: %%Email%%||et_pb_line_break_holder||||et_pb_line_break_holder||Personas: %%Personas%%||et_pb_line_break_holder||||et_pb_line_break_holder||Estancia: %%Estancia%%||et_pb_line_break_holder||||et_pb_line_break_holder||Mensaje: %%Message%%&#8221; _builder_version=&#8221;4.9.4&#8243; _module_preset=&#8221;default&#8221; custom_button=&#8221;on&#8221; button_text_color=&#8221;#FFFFFF&#8221; button_bg_color=&#8221;#97d300&#8243;][et_pb_contact_field field_id=&#8221;Name&#8221; field_title=&#8221;Nombre&#8221; _builder_version=&#8221;4.9.4&#8243; button_text_size__hover_enabled=&#8221;off&#8221; button_one_text_size__hover_enabled=&#8221;off&#8221; button_two_text_size__hover_enabled=&#8221;off&#8221; button_text_color__hover_enabled=&#8221;off&#8221; button_one_text_color__hover_enabled=&#8221;off&#8221; button_two_text_color__hover_enabled=&#8221;off&#8221; button_border_width__hover_enabled=&#8221;off&#8221; button_one_border_width__hover_enabled=&#8221;off&#8221; button_two_border_width__hover_enabled=&#8221;off&#8221; button_border_color__hover_enabled=&#8221;off&#8221; button_one_border_color__hover_enabled=&#8221;off&#8221; button_two_border_color__hover_enabled=&#8221;off&#8221; button_border_radius__hover_enabled=&#8221;off&#8221; button_one_border_radius__hover_enabled=&#8221;off&#8221; button_two_border_radius__hover_enabled=&#8221;off&#8221; button_letter_spacing__hover_enabled=&#8221;off&#8221; button_one_letter_spacing__hover_enabled=&#8221;off&#8221; button_two_letter_spacing__hover_enabled=&#8221;off&#8221; button_bg_color__hover_enabled=&#8221;off&#8221; button_one_bg_color__hover_enabled=&#8221;off&#8221; button_two_bg_color__hover_enabled=&#8221;off&#8221;][\/et_pb_contact_field][et_pb_contact_field field_id=&#8221;Email&#8221; field_title=&#8221;Direcci\u00f3n de correo electr\u00f3nico&#8221; field_type=&#8221;email&#8221; _builder_version=&#8221;3.16&#8243; button_text_size__hover_enabled=&#8221;off&#8221; button_one_text_size__hover_enabled=&#8221;off&#8221; button_two_text_size__hover_enabled=&#8221;off&#8221; button_text_color__hover_enabled=&#8221;off&#8221; button_one_text_color__hover_enabled=&#8221;off&#8221; button_two_text_color__hover_enabled=&#8221;off&#8221; button_border_width__hover_enabled=&#8221;off&#8221; button_one_border_width__hover_enabled=&#8221;off&#8221; button_two_border_width__hover_enabled=&#8221;off&#8221; button_border_color__hover_enabled=&#8221;off&#8221; button_one_border_color__hover_enabled=&#8221;off&#8221; button_two_border_color__hover_enabled=&#8221;off&#8221; button_border_radius__hover_enabled=&#8221;off&#8221; button_one_border_radius__hover_enabled=&#8221;off&#8221; button_two_border_radius__hover_enabled=&#8221;off&#8221; button_letter_spacing__hover_enabled=&#8221;off&#8221; button_one_letter_spacing__hover_enabled=&#8221;off&#8221; button_two_letter_spacing__hover_enabled=&#8221;off&#8221; button_bg_color__hover_enabled=&#8221;off&#8221; button_one_bg_color__hover_enabled=&#8221;off&#8221; button_two_bg_color__hover_enabled=&#8221;off&#8221;][\/et_pb_contact_field][et_pb_contact_field field_id=&#8221;Personas&#8221; field_title=&#8221;N\u00famero de personas&#8221; _builder_version=&#8221;4.9.4&#8243; _module_preset=&#8221;default&#8221;][\/et_pb_contact_field][et_pb_contact_field field_id=&#8221;Estancia&#8221; field_title=&#8221;Seleccione estancia&#8221; field_type=&#8221;select&#8221; select_options=&#8221;%91{%22value%22:%22Parcela%22,%22checked%22:0,%22dragID%22:-1},{%22value%22:%22acampada libre%22,%22checked%22:0,%22dragID%22:0},{%22value%22:%22Bungalow Park el Saler%22,%22checked%22:0,%22dragID%22:1},{%22value%22:%22Bungalow Buhardilla%22,%22checked%22:0,%22dragID%22:2},{%22value%22:%22Bungalow Caba\u00f1a%22,%22checked%22:0,%22dragID%22:3},{%22value%22:%22Quiero pedir informaci\u00f3n%22,%22checked%22:0,%22dragID%22:4}%93&#8243; _builder_version=&#8221;4.9.4&#8243; _module_preset=&#8221;default&#8221;][\/et_pb_contact_field][et_pb_contact_field field_id=&#8221;Message&#8221; field_title=&#8221;Mensaje&#8221; field_type=&#8221;text&#8221; fullwidth_field=&#8221;on&#8221; _builder_version=&#8221;3.16&#8243; button_text_size__hover_enabled=&#8221;off&#8221; button_one_text_size__hover_enabled=&#8221;off&#8221; button_two_text_size__hover_enabled=&#8221;off&#8221; button_text_color__hover_enabled=&#8221;off&#8221; button_one_text_color__hover_enabled=&#8221;off&#8221; button_two_text_color__hover_enabled=&#8221;off&#8221; button_border_width__hover_enabled=&#8221;off&#8221; button_one_border_width__hover_enabled=&#8221;off&#8221; button_two_border_width__hover_enabled=&#8221;off&#8221; button_border_color__hover_enabled=&#8221;off&#8221; button_one_border_color__hover_enabled=&#8221;off&#8221; button_two_border_color__hover_enabled=&#8221;off&#8221; button_border_radius__hover_enabled=&#8221;off&#8221; button_one_border_radius__hover_enabled=&#8221;off&#8221; button_two_border_radius__hover_enabled=&#8221;off&#8221; button_letter_spacing__hover_enabled=&#8221;off&#8221; button_one_letter_spacing__hover_enabled=&#8221;off&#8221; button_two_letter_spacing__hover_enabled=&#8221;off&#8221; button_bg_color__hover_enabled=&#8221;off&#8221; button_one_bg_color__hover_enabled=&#8221;off&#8221; button_two_bg_color__hover_enabled=&#8221;off&#8221;][\/et_pb_contact_field][\/et_pb_contact_form][\/et_pb_column][\/et_pb_row][\/et_pb_section]<\/p>\n","protected":false},"excerpt":{"rendered":"<p>[et_pb_section fb_built=&#8221;1&#8243; admin_label=&#8221;Header&#8221; _builder_version=&#8221;4.9.4&#8243; use_background_color_gradient=&#8221;on&#8221; background_color_gradient_start=&#8221;rgba(255,255,255,0.89)&#8221; background_color_gradient_end=&#8221;rgba(255,255,255,0)&#8221; background_color_gradient_type=&#8221;radial&#8221; background_color_gradient_direction_radial=&#8221;top left&#8221; background_color_gradient_start_position=&#8221;30%&#8221; background_color_gradient_end_position=&#8221;80%&#8221; background_color_gradient_overlays_image=&#8221;on&#8221; background_image=&#8221;https:\/\/www.campingparkelsaler.com\/web\/wp-content\/uploads\/2021\/04\/ciudadartesportada.jpg&#8221; custom_padding=&#8221;8vw|0px|155px|0px|false|false&#8221;][et_pb_row _builder_version=&#8221;3.25&#8243; custom_padding=&#8221;||63px|||&#8221;][et_pb_column type=&#8221;4_4&#8243; _builder_version=&#8221;3.25&#8243; custom_padding=&#8221;|||&#8221; custom_padding__hover=&#8221;|||&#8221;][et_pb_text _builder_version=&#8221;3.27.4&#8243; text_font=&#8221;||||||||&#8221; header_font=&#8221;Raleway|700|||||||&#8221; header_font_size=&#8221;80px&#8221; header_line_height=&#8221;1.2em&#8221; header_5_font=&#8221;Raleway|700||on|||||&#8221; header_5_text_color=&#8221;#000000&#8243; header_5_font_size=&#8221;20px&#8221; header_5_letter_spacing=&#8221;0.5em&#8221; header_5_line_height=&#8221;1.8em&#8221; animation_style=&#8221;zoom&#8221; animation_intensity_zoom=&#8221;5%&#8221; header_font_size_tablet=&#8221;48px&#8221; header_font_size_phone=&#8221;32px&#8221; header_font_size_last_edited=&#8221;on|phone&#8221; header_5_font_size_tablet=&#8221;14px&#8221; header_5_font_size_phone=&#8221;12px&#8221; header_5_font_size_last_edited=&#8221;on|desktop&#8221;] TURISMO\u00a0 TU VISITA EN VALENCIA [\/et_pb_text][\/et_pb_column][\/et_pb_row][\/et_pb_section][et_pb_section fb_built=&#8221;1&#8243; admin_label=&#8221;Blog&#8221; _builder_version=&#8221;3.22&#8243; background_color=&#8221;#ffffff&#8221; max_width=&#8221;90%&#8221; max_width_tablet=&#8221;&#8221; max_width_phone=&#8221;100%&#8221; max_width_last_edited=&#8221;on|phone&#8221; custom_margin=&#8221;-160px|||&#8221; custom_padding=&#8221;||20px|||&#8221; [&hellip;]<\/p>\n","protected":false},"author":1,"featured_media":0,"parent":0,"menu_order":0,"comment_status":"closed","ping_status":"closed","template":"","meta":{"_et_pb_use_builder":"on","_et_pb_old_content":"","_et_gb_content_width":"","footnotes":""},"_links":{"self":[{"href":"https:\/\/www.campingparkelsaler.com\/web\/wp-json\/wp\/v2\/pages\/2427"}],"collection":[{"href":"https:\/\/www.campingparkelsaler.com\/web\/wp-json\/wp\/v2\/pages"}],"about":[{"href":"https:\/\/www.campingparkelsaler.com\/web\/wp-json\/wp\/v2\/types\/page"}],"author":[{"embeddable":true,"href":"https:\/\/www.campingparkelsaler.com\/web\/wp-json\/wp\/v2\/users\/1"}],"replies":[{"embeddable":true,"href":"https:\/\/www.campingparkelsaler.com\/web\/wp-json\/wp\/v2\/comments?post=2427"}],"version-history":[{"count":8,"href":"https:\/\/www.campingparkelsaler.com\/web\/wp-json\/wp\/v2\/pages\/2427\/revisions"}],"predecessor-version":[{"id":3604,"href":"https:\/\/www.campingparkelsaler.com\/web\/wp-json\/wp\/v2\/pages\/2427\/revisions\/3604"}],"wp:attachment":[{"href":"https:\/\/www.campingparkelsaler.com\/web\/wp-json\/wp\/v2\/media?parent=2427"}],"curies":[{"name":"wp","href":"https:\/\/api.w.org\/{rel}","templated":true}]}}